{"id":10,"date":"2011-03-30T21:02:18","date_gmt":"2011-03-30T21:02:18","guid":{"rendered":"http:\/\/www.chantalemorin.com\/site\/?page_id=10"},"modified":"2026-03-17T18:19:02","modified_gmt":"2026-03-17T18:19:02","slug":"concerts","status":"publish","type":"page","link":"https:\/\/www.chantalemorin.com\/site\/concerts\/","title":{"rendered":"Concerts"},"content":{"rendered":"\n<h3 class=\"wp-block-heading\">Concerts \u00e0 venir \/ Upcoming shows<\/h3>\n\n\n\n<p><strong>2026<\/strong><\/p>\n\n\n\n<p>.<\/p>\n\n\n\n<p><strong>17 mars 202<\/strong>6, 18:00 Tabac Villeray<\/p>\n\n\n\n<p>Lancement du livre Empupill\u00e9 de Marie-\u00c8ve Nadeau, <a href=\"https:\/\/editionsmainslibres.com\/livres.html\" data-type=\"link\" data-id=\"https:\/\/editionsmainslibres.com\/livres.html\">\u00c9ditions Mains libres<\/a><\/p>\n\n\n\n<p>.<\/p>\n\n\n\n<p><strong>9 avril 202<\/strong>6, 20:00 Contact est, St-John, NB<\/p>\n\n\n\n<p>Prestation avec le groupe Oktopus<\/p>\n\n\n\n<p>.<\/p>\n\n\n\n<p><strong>11 avril 2026<\/strong>, Espace culturel St-Gilles, Brownsburg-Chatam<\/p>\n\n\n\n<p>Avec Blanche Baillargeon <\/p>\n\n\n\n<p><\/p>\n\n\n\n<p><\/p>\n\n\n\n<p><strong>Concert ant\u00e9rieur\/ Past events<\/strong><\/p>\n\n\n\n<p><strong>2025<\/strong><\/p>\n\n\n\n<p><strong>18 d\u00e9cembre 2025,<\/strong> 10:00&nbsp;Cin\u00e9math\u00e8que qu\u00e9b\u00e9coise<\/p>\n\n\n\n<p>Accompagnement du film La ru\u00e9e vers l&#8217;or de Charlie Chaplin<\/p>\n\n\n\n<p>.<\/p>\n\n\n\n<p><strong>13 d\u00e9cembre 202<\/strong>5, 13:00, Chapelle Notre-Dame-de-Bon-Secours<\/p>\n\n\n\n<p>Choeur Crocmuzik, Crocjazz et Muzi<\/p>\n\n\n\n<p>.<\/p>\n\n\n\n<p><strong>6 d\u00e9cembre 2025,<\/strong> 13:00, No\u00ebl dans le parc<\/p>\n\n\n\n<p>Choeur Crocmuzik, Crocjazz et Muzi<\/p>\n\n\n\n<p>.<\/p>\n\n\n\n<p><strong>28 novembre 2025<\/strong>, 21:00, Le Quai des Brumes<\/p>\n\n\n\n<p>Benoit Paradis Trio<\/p>\n\n\n\n<p>.<\/p>\n\n\n\n<p><strong>15 novembre 2025,<\/strong> Maison musicale de Warwick<\/p>\n\n\n\n<p>Le nid de Blanche Baillargeon- Bass, Sacha Daoud-Batterie, Guillaume Bourque- Clarinette<\/p>\n\n\n\n<p>.<\/p>\n\n\n\n<p><strong>10 octobre 2025<\/strong>, 19:30, Saint-\u00c9lie-de-Caxton, Le Salon Fun\u00e9raire<\/p>\n\n\n\n<p>Benoit Paradis Trio<\/p>\n\n\n\n<p>.<\/p>\n\n\n\n<p><strong>26 septembre 2025<\/strong>, Fil, Soir\u00e9e de po\u00e9sie Acad\u00e9mie des lettres du Qu\u00e9bec<\/p>\n\n\n\n<p>Avec Blanche Baillargeon en duo<\/p>\n\n\n\n<p>.<\/p>\n\n\n\n<p><strong>13 septembre 2025<\/strong>, Maison de la culture de Saint-Placide<\/p>\n\n\n\n<p>Le nid de Blanche Baillargeon- Bass, Sacha Daoud-Batterie, Guillaume Bourque- Clarinette<\/p>\n\n\n\n<p>.<\/p>\n\n\n\n<p><strong>6 septembre mars 2025<\/strong>, 13:00, Les Denises du Lac, P\u00e9ribonka<\/p>\n\n\n\n<p>Benoit Paradis Trio<\/p>\n\n\n\n<p>.<\/p>\n\n\n\n<p><strong>22 ao\u00fbt 2025,<\/strong> 18:00&nbsp;Cin\u00e9math\u00e8que qu\u00e9b\u00e9coise<\/p>\n\n\n\n<p>Accompagnement du film muet L&#8217;Atlantide<\/p>\n\n\n\n<p>.<\/p>\n\n\n\n<p><strong>14 ao\u00fbt 2025<\/strong>, Station Youville, Mtl<\/p>\n\n\n\n<p>Benoit Paradis Trio<\/p>\n\n\n\n<p>.<\/p>\n\n\n\n<p><strong>17 juillet 2025<\/strong>, Station Youville, Mtl<\/p>\n\n\n\n<p>Le nid de Blanche Baillargeon- Bass, Guillaume Bourque- Clarinette<\/p>\n\n\n\n<p>.<\/p>\n\n\n\n<p><strong>4 juillet 2025,<\/strong> 18:00&nbsp;Cin\u00e9math\u00e8que qu\u00e9b\u00e9coise<\/p>\n\n\n\n<p>Accompagnement de courts muet:<\/p>\n\n\n\n<p><strong>Un locataire diabolique\u2002<\/strong>Georges M\u00e9li\u00e8s, <strong>Pour \u00e9pater les poules<\/strong> (Egged On) de Charles R. Bowers, <strong>Un dr\u00f4le de locataire <\/strong>&nbsp;(A Wild Roomer) de Charles R. Bowers,&nbsp;Harold L. Muller , <strong>La bo\u00eete \u00e0 cigares<\/strong> de Segundo de Chom\u00f3n, <strong>Les hallucinations du baron<\/strong> de M\u00fcnchhausen de Georges M\u00e9li\u00e8s, <strong>Little Nemo <\/strong>(Winsor McCay)<\/p>\n\n\n\n<p>.<\/p>\n\n\n\n<p><strong>14 juin 2025<\/strong>, 22:00, Sc\u00e8ne Desjardins , Festival de la chanson de Tadoussac<\/p>\n\n\n\n<p>Benoit Paradis Trio<\/p>\n\n\n\n<p>.<\/p>\n\n\n\n<p><strong>4  juin 2025<\/strong>, 18:00 Parc Lhasa-De-Sela<\/p>\n\n\n\n<p>Choeur Crocjazz et Muzi<\/p>\n\n\n\n<p>.<\/p>\n\n\n\n<p><strong>1er juin 2025<\/strong>, 18:00 Tabac Villeray<\/p>\n\n\n\n<p>Choeur Crocjazz et Muzi<\/p>\n\n\n\n<p>.<\/p>\n\n\n\n<p><strong>1 juin 2025,<\/strong> 9:30&nbsp;\u00c9cole LUMI<\/p>\n\n\n\n<p>Classes d&#8217;\u00e9veil musical<\/p>\n\n\n\n<p>.<\/p>\n\n\n\n<p><strong>16 mai  2025,<\/strong> 18:00&nbsp;Cin\u00e9math\u00e8que qu\u00e9b\u00e9coise<\/p>\n\n\n\n<p>Accompagnement du film muet <em><strong>The phantom Carriage<\/strong><\/em><strong><em>&nbsp;<\/em><\/strong>&nbsp;de Victor Sj\u00f6str\u00f6m&nbsp;<\/p>\n\n\n\n<p>.<\/p>\n\n\n\n<p><strong>6 mai 2025,<\/strong> 19:30, Salle \u00c9mile-Legault<\/p>\n\n\n\n<p>Classes de chant jazz du C\u00e9gep Saint-Laurent<\/p>\n\n\n\n<p>.<\/p>\n\n\n\n<p><\/p>\n\n\n\n<p><strong>16 avril 2025<\/strong>, Soci\u00e9t\u00e9 Saint-Jean-Baptiste<\/p>\n\n\n\n<p>Remise du prix H\u00e9l\u00e8ne Pedneault \u00e0 L\u00e9a Clermont-Dion,<\/p>\n\n\n\n<p>Avec Blanche Baillargeon- voix et contrebasse<\/p>\n\n\n\n<p>.<\/p>\n\n\n\n<p><strong>13 avril 2025<\/strong>, Le Lion d&#8217;Or, Montr\u00e9al<\/p>\n\n\n\n<p>Cabaret jazz de l&#8217;\u00e9cole Pierre-Laporte<\/p>\n\n\n\n<p>.<\/p>\n\n\n\n<p><strong>12 avril 2025<\/strong>, Enchantons nous, Saint-Hyacinthe<\/p>\n\n\n\n<p>Avec Nathaly Pasieczny cheffe de choeur<\/p>\n\n\n\n<p>.<\/p>\n\n\n\n<p><strong>22 mars 2025<\/strong>, La Buvette, \u00celes-de-la-Madeleine<\/p>\n\n\n\n<p>Benoit Paradis Trio<\/p>\n\n\n\n<p>.<\/p>\n\n\n\n<p><strong>20 mars 2025<\/strong>, Petit Outremont<\/p>\n\n\n\n<p>Le nid de Blanche Baillargeon- Bass, Sacha Daoud-Batterie, Guillaume Bourque- Clarinette<\/p>\n\n\n\n<p>.<\/p>\n\n\n\n<p><strong>16 mars 2025<\/strong>, Z\u00e9nob, Trois-Rivi\u00e8res<\/p>\n\n\n\n<p>Benoit Paradis Trio<\/p>\n\n\n\n<p>.<\/p>\n\n\n\n<p><strong>15 mars 2025<\/strong>, \u00c9cole de musique, Deschambault<\/p>\n\n\n\n<p>Benoit Paradis Trio<\/p>\n\n\n\n<p>.<\/p>\n\n\n\n<p><strong>14 mars 2025<\/strong>, 20:00, Bistro des Balcons, Baie-Saint-Paul<\/p>\n\n\n\n<p>Benoit Paradis Trio<\/p>\n\n\n\n<p>.<\/p>\n\n\n\n<p><strong>12 janvier 2025<\/strong>, Pavillon des arts de Coaticook<\/p>\n\n\n\n<p>Le nid de Blanche Baillargeon- Bass, Sacha Daoud-Batterie, Guillaume Bourque- Clarinette<\/p>\n\n\n\n<p><strong>2024<\/strong><\/p>\n\n\n\n<p><strong>15 d\u00e9cembre 2024,<\/strong> 9:30&nbsp;\u00c9cole des jeunes de l&#8217;Universit\u00e9 de Montr\u00e9al<\/p>\n\n\n\n<p>Classes d&#8217;\u00e9veil musical<\/p>\n\n\n\n<p>.<\/p>\n\n\n\n<p><strong>15 d\u00e9cembre 2023<\/strong>, 13:00 et 15:00, No\u00ebl dans le parc, place \u00c9mile-Gamelin<\/p>\n\n\n\n<p>Choeur Crocmuzik, Crocjazz et Muzi<\/p>\n\n\n\n<p>.<\/p>\n\n\n\n<p><strong>14 d\u00e9cembre 2023<\/strong>, 14:00 \u00e0 16:00, Animation de No\u00ebl, rue Saint-Hubert<\/p>\n\n\n\n<p>Choeur Crocmuzik, Crocjazz et Muzi<\/p>\n\n\n\n<p>.<\/p>\n\n\n\n<p><strong>14 d\u00e9cembre 2023<\/strong>, 18:00 Caf\u00e9 Allegro, Mascouche<\/p>\n\n\n\n<p>Airport 77<\/p>\n\n\n\n<p>.<\/p>\n\n\n\n<p><strong>24 novembre 2024<\/strong>, 18:00 Tabac Villeray<\/p>\n\n\n\n<p>Choeurs Crocjazz et Muzi<\/p>\n\n\n\n<p>.<\/p>\n\n\n\n<p><strong>5 d\u00e9cembre 2024<\/strong>, Manoir de Beauharnois<\/p>\n\n\n\n<p>Le nid de Blanche Baillargeon- Bass, Sacha Daoud-Batterie, Guillaume Bourque- Clarinette<\/p>\n\n\n\n<p>.<\/p>\n\n\n\n<p><strong>19 novembre 2024<\/strong>, Caf\u00e9 <a href=\"https:\/\/www.boucherville.ca\/culture\/lieux-culturels\/cafe-centre-dart\/\" data-type=\"URL\" data-id=\"https:\/\/www.boucherville.ca\/culture\/lieux-culturels\/cafe-centre-dart\/\" target=\"_blank\" rel=\"noreferrer noopener\">Centre d&#8217;arts de Boucherville<\/a><\/p>\n\n\n\n<p>Le nid de Blanche Baillargeon- Bass, Sacha Daoud-Batterie, Guillaume Bourque- Clarinette<\/p>\n\n\n\n<p>.<\/p>\n\n\n\n<p><strong>5 novembre 2024<\/strong>, 18:00, Salla rossa, Montr\u00e9al<\/p>\n\n\n\n<p>Lancement de l&#8217;album &#8220;Le vent nous pousse&#8221; de Crocjazz<\/p>\n\n\n\n<figure class=\"wp-block-image size-full is-resized\"><a href=\"https:\/\/www.chantalemorin.com\/site\/wp-content\/uploads\/2025\/02\/Le-vent-nous-pousse_xxx_finalOK.jpg\"><img decoding=\"async\" src=\"https:\/\/www.chantalemorin.com\/site\/wp-content\/uploads\/2025\/02\/Le-vent-nous-pousse_xxx_finalOK.jpg\" alt=\"\" class=\"wp-image-1330\" style=\"width:214px;height:auto\"\/><\/a><\/figure>\n\n\n\n<p>.<\/p>\n\n\n\n<p><strong>19 octobre 2024<\/strong>, 20:00, <a href=\"https:\/\/lepointdevente.com\/lieux\/egliseholytrinitygore\">\u00c9glise Holy Trinity<\/a>, Gore<\/p>\n\n\n\n<p>Benoit Paradis Trio<\/p>\n\n\n\n<p>.<\/p>\n\n\n\n<p><strong>11 octobre 2024<\/strong>, Maison de la culture <a href=\"https:\/\/beloeil.ca\/divertir\/loisirs-culture-et-vie-communautaire\/maison_villebon\/\" data-type=\"URL\" data-id=\"https:\/\/beloeil.ca\/divertir\/loisirs-culture-et-vie-communautaire\/maison_villebon\/\" target=\"_blank\" rel=\"noreferrer noopener\">Villebon<\/a><\/p>\n\n\n\n<p>Le nid de Blanche Baillargeon- Bass, Sacha Daoud-Batterie, Guillaume Bourque- Clarinette<\/p>\n\n\n\n<p>.<\/p>\n\n\n\n<p><strong>3 octobre 2024<\/strong>, 15:00, Maison de la culture Villeray<\/p>\n\n\n\n<p>Benoit Paradis Trio<\/p>\n\n\n\n<p>.<\/p>\n\n\n\n<p><strong>20 septembre  2024,<\/strong> 18:00&nbsp;Cin\u00e9math\u00e8que qu\u00e9b\u00e9coise<\/p>\n\n\n\n<p>Accompagnement du film muet <strong><em>Joan the Woman&nbsp;<\/em><\/strong>&nbsp;de Cecil B. DeMille&nbsp;<\/p>\n\n\n\n<p>.<\/p>\n\n\n\n<p><strong>14 septembre 2024<\/strong>, Le Crapo, Saint-F\u00e9lix-de-Valois<\/p>\n\n\n\n<p>Le nid de Blanche Baillargeon- Bass, Sacha Daoud-Batterie<\/p>\n\n\n\n<p><\/p>\n\n\n\n<p>.<\/p>\n\n\n\n<p><strong>6 septembre 2024<\/strong>, 17:00, Anna et Tina Buvette italienne, Ste-Flore<\/p>\n\n\n\n<p>Benoit Paradis Trio<\/p>\n\n\n\n<p>.<\/p>\n\n\n\n<p><strong>31 ao\u00fbt 2024<\/strong>, 15:00, Rue Ontario, Montr\u00e9al<\/p>\n\n\n\n<p>Benoit Paradis Trio<\/p>\n\n\n\n<p>.<\/p>\n\n\n\n<p><strong>31 juillet 2024<\/strong>, 20:00, Bains Publics, Rimouski<\/p>\n\n\n\n<p>Benoit Paradis Trio<\/p>\n\n\n\n<p>.<\/p>\n\n\n\n<p><strong>30 juillet 2024<\/strong>, 14:30, Shed \u00e0 L\u00e9on, Festival en chansons de Petite-Vall\u00e9e<\/p>\n\n\n\n<p>Benoit Paradis Trio<\/p>\n\n\n\n<p><\/p>\n\n\n\n<p><strong>26 juillet 202<\/strong>4, 20:00&nbsp;La Bezotte, Yamachiche<\/p>\n\n\n\n<p>Benoit Paradis Trio <\/p>\n\n\n\n<p>.<\/p>\n\n\n\n<p><strong>19 juillet  2024,<\/strong> 18:00&nbsp;Cin\u00e9math\u00e8que qu\u00e9b\u00e9coise<\/p>\n\n\n\n<p>Accompagnement du film muet Aelita queen of mars de Yakov Protazanov<\/p>\n\n\n\n<p>.<\/p>\n\n\n\n<p><strong>13 juillet 2024<\/strong>, 15:00, Rue Ontario, Montr\u00e9al<\/p>\n\n\n\n<p>Benoit Paradis Trio<\/p>\n\n\n\n<p>.<\/p>\n\n\n\n<p><strong>6 juillet 2024<\/strong>, 17:00, Festivoix de Trois-Rivi\u00e8res, Sc\u00e8ne de La Cour<\/p>\n\n\n\n<p>Benoit Paradis Trio<\/p>\n\n\n\n<p>.<\/p>\n\n\n\n<p><strong>30 juin 2024<\/strong>, 11:00, Grand Th\u00e9\u00e2tre de Qu\u00e9bec, Festival jazz en juin<\/p>\n\n\n\n<p>Le nid de Blanche Baillargeon &#8211; Bass, Sacha Daoud-Batterie<\/p>\n\n\n\n<p>.<\/p>\n\n\n\n<p><strong>21 juin 2024<\/strong>, 21:00, Cit\u00e9 des Hospitali\u00e8res (remis au 22 juin en cas de pluie)<\/p>\n\n\n\n<p>Avec Mapp_Mtl et Les choeurs Crocjazz, Crocmuzik et Muzi<\/p>\n\n\n\n<p>.<\/p>\n\n\n\n<p><strong>16 juin 2024<\/strong>, 18:00 Tabac Villeray, Montr\u00e9al<\/p>\n\n\n\n<p>Choeur Muzi<\/p>\n\n\n\n<p>.<\/p>\n\n\n\n<p><strong>15 juin 2024<\/strong>, 22:30, Festival de Tadoussac, Sc\u00e8ne Desjardins<\/p>\n\n\n\n<p>Benoit Paradis Trio <\/p>\n\n\n\n<p>.<\/p>\n\n\n\n<p><strong>8 juin 2024<\/strong>, 20:00, Au Bal Maski, Saint-Gabriel-de-Brandon<\/p>\n\n\n\n<p>Le nid de Blanche Baillargeon- Bass, Sacha Daoud-Batterie, Guillaume Bourque- Clarinette<\/p>\n\n\n\n<p>.<\/p>\n\n\n\n<p><strong>4 juin 2024<\/strong>, 17:00, Quai des Brumes<\/p>\n\n\n\n<p>Benoit Paradis Trio<\/p>\n\n\n\n<p>.<\/p>\n\n\n\n<p><strong>2 juin 2024<\/strong>, 9:30&nbsp;\u00c9cole LUMI de l&#8217;Universit\u00e9 de Montr\u00e9al<\/p>\n\n\n\n<p>Classes d&#8217;\u00e9veil musical<\/p>\n\n\n\n<p>.<\/p>\n\n\n\n<p><strong>26 mai 202<\/strong>4, 18:00 Tabac Villeray<\/p>\n\n\n\n<p>Choeur Crocjazz <\/p>\n\n\n\n<p>.<\/p>\n\n\n\n<p><strong>16 mai 2024<\/strong>, Place des festivals<\/p>\n\n\n\n<p>Avec Blanche Baillargeon- Bass, Sacha Daoud-Batterie, Guillaume Bourque- Clarinette<\/p>\n\n\n\n<p>.<\/p>\n\n\n\n<p><strong>7 mai 2024<\/strong>, Th\u00e9\u00e2tre Keller 62, Zurich, Suisse<\/p>\n\n\n\n<p>Benoit Paradis Trio<\/p>\n\n\n\n<p>.<\/p>\n\n\n\n<p><strong>5 mai 2024<\/strong>, Chez Roland Le Bl\u00e9vennec, Neydens, France<\/p>\n\n\n\n<p>Benoit Paradis Trio <\/p>\n\n\n\n<p>.<\/p>\n\n\n\n<p><strong>4 mai 2024<\/strong>, Caveau du Coeur D&#8217;Or, Chexbres, Suisse<\/p>\n\n\n\n<p>Benoit Paradis Trio<\/p>\n\n\n\n<p>.<\/p>\n\n\n\n<p><strong>3 mai 2024<\/strong>, La Traboule, Gen\u00e8ve, Suisse<\/p>\n\n\n\n<p>Benoit Paradis Trio <\/p>\n\n\n\n<p>.<\/p>\n\n\n\n<p><strong>2 mai 2024<\/strong>, Th\u00e9\u00e2tre Th\u00e9nardiers, Montreuil France<\/p>\n\n\n\n<p>Benoit Paradis Trio<\/p>\n\n\n\n<p>.<\/p>\n\n\n\n<p><strong>30 avril 2024<\/strong>, Cabaret L&#8217;escale, Migennes, France<\/p>\n\n\n\n<p>Benoit Paradis Trio <\/p>\n\n\n\n<p>.<\/p>\n\n\n\n<p><strong>27 avril 2024<\/strong>, L&#8217;arbre du renard, Serandon, France<\/p>\n\n\n\n<p>Benoit Paradis Trio <\/p>\n\n\n\n<p>.<\/p>\n\n\n\n<p><strong>25 avril 2024<\/strong>, Le jardin de ma soeur, Bruxelles, Belgique<\/p>\n\n\n\n<p>Benoit Paradis Trio <\/p>\n\n\n\n<p>.<\/p>\n\n\n\n<p><strong>21 avril 2024<\/strong>, Les agit\u00e9s du local, Saint-Quentin La Poterie, France<\/p>\n\n\n\n<p>Benoit Paradis Trio<\/p>\n\n\n\n<p>.<\/p>\n\n\n\n<p><strong>20 avril 2024<\/strong>, Le Printival Bobby Lapointe, Pezenas&#8217; France<\/p>\n\n\n\n<p>Benoit Paradis Trio<\/p>\n\n\n\n<p>.<\/p>\n\n\n\n<p><strong>19 avril 2024<\/strong>, L&#8217;endroit, Villemoustaussou, France<\/p>\n\n\n\n<p>Benoit Paradis Trio <\/p>\n\n\n\n<p>.<\/p>\n\n\n\n<p><strong>18 avril 2024<\/strong>, Le Bijou, Toulouse, France<\/p>\n\n\n\n<p>Benoit Paradis Trio <\/p>\n\n\n\n<p>.<\/p>\n\n\n\n<p><strong>14 avril 2024<\/strong>, Centre culturel Stewart Hall, Pointe Claire<\/p>\n\n\n\n<p>Le nid de Blanche Baillargeon- Bass, Sacha Daoud-Batterie, Alex Dodier- Fl\u00fbte, Guillaume Bourque- Clarinette<\/p>\n\n\n\n<p>.<\/p>\n\n\n\n<p><strong>28 mars 2024<\/strong>, 18:00- <a href=\"http:\/\/www.bilykun.com\/\" target=\"_blank\" rel=\"noreferrer noopener\">Bily Kun<\/a><\/p>\n\n\n\n<p>Duo avec Ben Comeau<\/p>\n\n\n\n<p>.<\/p>\n\n\n\n<p><strong>24 mars 2024<\/strong>, <a href=\"https:\/\/www.facebook.com\/p\/Le-Crabe-Phare-La-Buvette-100063527051872\/\" data-type=\"URL\" data-id=\"https:\/\/www.facebook.com\/p\/Le-Crabe-Phare-La-Buvette-100063527051872\/\" target=\"_blank\" rel=\"noreferrer noopener\">La Buvette<\/a>, \u00celes de la madeleine<\/p>\n\n\n\n<p>Le nid de Blanche Baillargeon- Bass, Sacha Daoud-Batterie <\/p>\n\n\n\n<p>.<\/p>\n\n\n\n<p><strong>23 mars 2024<\/strong>, <a href=\"https:\/\/www.facebook.com\/p\/Le-Crabe-Phare-La-Buvette-100063527051872\/\" data-type=\"URL\" data-id=\"https:\/\/www.facebook.com\/p\/Le-Crabe-Phare-La-Buvette-100063527051872\/\" target=\"_blank\" rel=\"noreferrer noopener\">La Buvette<\/a>, \u00celes de la madeleine<\/p>\n\n\n\n<p>Le nid de Blanche Baillargeon- Bass, Sacha Daoud-Batterie <\/p>\n\n\n\n<p>.<\/p>\n\n\n\n<p><strong>19 mars 2024<\/strong>, Maison de la culture Ahunstic<\/p>\n\n\n\n<p>Le nid de Blanche Baillargeon- Bass, Sacha Daoud-Batterie, Alex Dodier- Fl\u00fbte, Guillaume Bourque- Clarinette<\/p>\n\n\n\n<p>.<\/p>\n\n\n\n<p><strong>17 mars 2024<\/strong>, Caf\u00e9 la Ligne Verte<\/p>\n\n\n\n<p>Le nid de Blanche Baillargeon en trio &#8211; Bass, Sacha Daoud-Batterie<\/p>\n\n\n\n<p>.<\/p>\n\n\n\n<p><strong>16 mars 2024<\/strong>, <a href=\"https:\/\/labezotte.com\/evenements\/\" data-type=\"URL\" data-id=\"https:\/\/labezotte.com\/evenements\/\" target=\"_blank\" rel=\"noreferrer noopener\">La Bezotte<\/a>, Yamachiche<\/p>\n\n\n\n<p>Le nid de Blanche Baillargeon- Bass, Sacha Daoud-Batterie, Alex Dodier- Fl\u00fbte, Guillaume Bourque- Clarinette<\/p>\n\n\n\n<p>.<\/p>\n\n\n\n<p><strong>29 f\u00e9vrier 2024<\/strong>, 18:00- <a href=\"http:\/\/www.bilykun.com\/\" target=\"_blank\" rel=\"noreferrer noopener\">Bily Kun<\/a><\/p>\n\n\n\n<p>Duo avec Ben Comeau<\/p>\n\n\n\n<p>.<\/p>\n\n\n\n<p><strong>25 f\u00e9vrier 2024<\/strong>, 17:00, Quai des Brumes<\/p>\n\n\n\n<p>Benoit Paradis Trio <\/p>\n\n\n\n<p>.<\/p>\n\n\n\n<p><strong>22 f\u00e9vrier 2024<\/strong>, Maison de la culture Jeannine Sutto<\/p>\n\n\n\n<p>Le nid de Blanche Baillargeon- Bass, Sacha Daoud-Batterie, Alex Dodier- Fl\u00fbte, Guillaume Bourque- Clarinette<\/p>\n\n\n\n<p>.<\/p>\n\n\n\n<p><strong> 16 f\u00e9vrier 2023,<\/strong> 18:00<a rel=\"noreferrer noopener\" href=\"https:\/\/www.cinematheque.qc.ca\/fr\/cinema\/\" data-type=\"URL\" data-id=\"https:\/\/www.cinematheque.qc.ca\/fr\/cinema\/\" target=\"_blank\">&nbsp;Cin\u00e9math\u00e8que qu\u00e9b\u00e9coise<\/a><\/p>\n\n\n\n<p>Accompagnement du film muet Helen of four gates de Cecil Hepworth<\/p>\n\n\n\n<p>.<\/p>\n\n\n\n<p><strong>14 f\u00e9vrier 2024<\/strong>, 17:00, Restaurant CABU, Rideau<\/p>\n\n\n\n<p>Benoit Paradis Trio <\/p>\n\n\n\n<p>.<\/p>\n\n\n\n<p><strong>3 f\u00e9vrier 2024<\/strong>, Saint-\u00c9lie-de-Caxton, Concert priv\u00e9<\/p>\n\n\n\n<p>Le nid de Blanche Baillargeon- Bass, Sacha Daoud-Batterie, Alex Dodier- Fl\u00fbte, Guillaume Bourque- Clarinette<\/p>\n\n\n\n<p>.<\/p>\n\n\n\n<p><strong>26 janvier 2024<\/strong>, Biblioth\u00e8que Dollard des Ormeaux<\/p>\n\n\n\n<p>Le nid de Blanche Baillargeon- Bass, Sacha Daoud-Batterie, Alex Dodier- Fl\u00fbte, Guillaume Bourque- Clarinette<\/p>\n\n\n\n<p>.<\/p>\n\n\n\n<p><strong>25 janvier 2024<\/strong>, 18:00- <a rel=\"noreferrer noopener\" href=\"http:\/\/www.bilykun.com\/\" target=\"_blank\">Bily Kun<\/a><\/p>\n\n\n\n<p>Duo avec Ben Comeau<\/p>\n\n\n\n<p>.<\/p>\n\n\n\n<p><strong>20 janvier 2024<\/strong>, 19:00, Caf\u00e9 Allegro, Mascouche<\/p>\n\n\n\n<p>Airport 77<\/p>\n\n\n\n<p><\/p>\n\n\n\n<p><\/p>\n\n\n\n<p><\/p>\n\n\n\n<p><strong>2023<\/strong><\/p>\n\n\n\n<p>.<\/p>\n\n\n\n<p><strong>15 f\u00e9vrier 2024<\/strong>, Maison de la culture Eulalie Durocher, St-Antoine sur Richelieu<\/p>\n\n\n\n<p>Le nid de Blanche Baillargeon- Bass, Sacha Daoud-Batterie, Alex Dodier- Fl\u00fbte, Guillaume Bourque- Clarinette<\/p>\n\n\n\n<p>.<\/p>\n\n\n\n<p><strong>17 d\u00e9cembre 2023<\/strong>, 9:30&nbsp;\u00c9cole des jeunes de l&#8217;Universit\u00e9 de Montr\u00e9al<\/p>\n\n\n\n<p>Classes d&#8217;\u00e9veil musical<\/p>\n\n\n\n<p>.<\/p>\n\n\n\n<p><strong>16 d\u00e9cembre 2023<\/strong>, 13:00 et 15:00, No\u00ebl dans le parc, place \u00c9mile-Gamelin<\/p>\n\n\n\n<p>Choeur Crocmuzik, Crocjazz et Muzi<\/p>\n\n\n\n<p>.<\/p>\n\n\n\n<p><strong>13 d\u00e9cembre 2023<\/strong>, 18:00 Studio La Po\u00eale<\/p>\n\n\n\n<p>Choeur Crocmuzik, Crocjazz et Muzi<\/p>\n\n\n\n<p>.<\/p>\n\n\n\n<p><strong>3 d\u00e9cembre 2023<\/strong>, 14:00, Quai 5160, Verdun<\/p>\n\n\n\n<p>Le nid de Blanche Baillargeon- Bass, Sacha Daoud-Batterie, Alex Dodier- Fl\u00fbte, Guillaume Bourque- Clarinette<\/p>\n\n\n\n<p>.<\/p>\n\n\n\n<p><strong>30 novembre 2023<\/strong>, 18:00- <a rel=\"noreferrer noopener\" href=\"http:\/\/www.bilykun.com\/\" target=\"_blank\">Bily Kun<\/a><\/p>\n\n\n\n<p>Duo avec Ben Comeau<\/p>\n\n\n\n<p>.<\/p>\n\n\n\n<p><strong>26 novembre 2023<\/strong>, 14:00, <a href=\"https:\/\/www.facebook.com\/events\/667467312178497\" data-type=\"URL\" data-id=\"https:\/\/www.facebook.com\/events\/667467312178497\">La ligne verte<\/a><\/p>\n\n\n\n<p>Choeur Muzi<\/p>\n\n\n\n<p>.<\/p>\n\n\n\n<p><strong>23 novembre 2023<\/strong>, 20:00, Centre Culturel et communautaire Henri-Lemieux<\/p>\n\n\n\n<p>Le nid de Blanche Baillargeon- Bass, Sacha Daoud-Batterie, Alex Dodier- Fl\u00fbte, Guillaume Bourque- Clarinette<\/p>\n\n\n\n<p>.<\/p>\n\n\n\n<p><strong>5 novembre 2023<\/strong>, 20:00, Le Verre Bouteille<\/p>\n\n\n\n<p>Benoit Paradis Trio , Coup de coeur francophone<\/p>\n\n\n\n<p>.<\/p>\n\n\n\n<p><strong>19 novembre 2023<\/strong>, 11:00, <a rel=\"noreferrer noopener\" href=\"https:\/\/theatregillesvigneault.com\/calendrier\/blanche-baillargeon-novembre-2023\/\" target=\"_blank\">Th\u00e9\u00e2tre Gilles Vigneault<\/a><\/p>\n\n\n\n<p>Le nid de Blanche Baillargeon- Bass, Sacha Daoud-Batterie, Alex Dodier- Fl\u00fbte, Guillaume Bourque- Clarinette<\/p>\n\n\n\n<p>.<\/p>\n\n\n\n<p><strong>8 octobre 2023<\/strong>, 19:00, Le Minist\u00e8re, Off festival de jazz de Montr\u00e9al<\/p>\n\n\n\n<p>Le nid de Blanche Baillargeon- Bass, Sacha Daoud-Batterie, Alex Dodier- Fl\u00fbte, Guillaume Bourque- Clarinette<\/p>\n\n\n\n<p>.<\/p>\n\n\n\n<p><strong>30 septembre 2023<\/strong>, 17:00 Le Pantoum, Qu\u00e9bec<\/p>\n\n\n\n<p>Benoit Paradis Trio <\/p>\n\n\n\n<p>.<\/p>\n\n\n\n<p><strong>29 septembre 2023<\/strong>, 18:00- <a rel=\"noreferrer noopener\" href=\"http:\/\/www.bilykun.com\/\" target=\"_blank\">Bily Kun<\/a><\/p>\n\n\n\n<p>Duo avec Ben Comeau<\/p>\n\n\n\n<p>.<\/p>\n\n\n\n<p><strong>26 septembre 2023<\/strong>, 20:30, Lion d&#8217;Or<\/p>\n\n\n\n<p>Benoit Paradis Trio , Lancement d&#8217;album<\/p>\n\n\n\n<p>.<\/p>\n\n\n\n<p><strong>22 septembre 2023,<\/strong> 18:00&nbsp;Cin\u00e9math\u00e8que qu\u00e9b\u00e9coise<\/p>\n\n\n\n<p>Accompagnement du film muet Underworld (Les nuits de Chicago) de Josef Von Sternberg<\/p>\n\n\n\n<p>.<\/p>\n\n\n\n<p><strong>3 septembre 2023<\/strong>, 15:00, <a rel=\"noreferrer noopener\" href=\"https:\/\/festijazzrimouski.com\/evenements\/blanche-baillargeon\/\" target=\"_blank\">Festi-jazz de rimouski<\/a><\/p>\n\n\n\n<p>Le nid de Blanche Baillargeon- Bass, Sacha Daoud-Batterie, Guillaume Bourque- Clarinette<\/p>\n\n\n\n<p>.<\/p>\n\n\n\n<p><strong>2 septembre 2023<\/strong>, 20:00, Jub\u00e9 de l&#8217;\u00e9glise de Saint-L\u00e9andre<\/p>\n\n\n\n<p>Le nid de Blanche Baillargeon- Bass, Sacha Daoud-Batterie, Guillaume Bourque- Clarinette<\/p>\n\n\n\n<p>.<\/p>\n\n\n\n<p><strong>14 juillet 2023<\/strong>, 19:30, <a href=\"https:\/\/ville.chambly.qc.ca\/calendrier-des-evenements\/activites-evenements\/frequences-estivales-blanche-baillargeon\/\" target=\"_blank\" rel=\"noreferrer noopener\">Fr\u00e9quences estivales<\/a>, Chambly<\/p>\n\n\n\n<p>Le nid de Blanche Baillargeon- Bass, Sacha Daoud-Batterie<\/p>\n\n\n\n<p>.<\/p>\n\n\n\n<p><strong>8 juillet 2023<\/strong>, 20:30, Fuckoff jazz fest, Casa Obscura<\/p>\n\n\n\n<p>Le nid de Blanche Baillargeon- Bass, Sacha Daoud-Batterie, Gabriel Schwartz- Fl\u00fbte, Guillaume Bourque- Clarinette<\/p>\n\n\n\n<p>.<\/p>\n\n\n\n<p><strong>4 juillet 2023<\/strong>, 19:30, Ruelle Chabot\/Bordeaux, Bellechasse\/Beaubien, Montr\u00e9al<\/p>\n\n\n\n<p>Le nid de Blanche Baillargeon- Bass, Sacha Daoud-Batterie<\/p>\n\n\n\n<p>.<\/p>\n\n\n\n<p><strong>30 juin 2023<\/strong>, 20:30, Fuckoff jazz fest, Casa Obscura<\/p>\n\n\n\n<p>Benoit Paradis Trio <\/p>\n\n\n\n<p>.<\/p>\n\n\n\n<p><strong>17 juin 2023<\/strong>, 19:00, parc Georges Filion, Saint-Sauveur<\/p>\n\n\n\n<p>Airport 77<\/p>\n\n\n\n<p>.<\/p>\n\n\n\n<p><strong>11 juin 2023<\/strong>, 13:00 <a rel=\"noreferrer noopener\" href=\"https:\/\/robindesbois.ca\/\" data-type=\"URL\" data-id=\"https:\/\/robindesbois.ca\/\" target=\"_blank\">Le Robin des Bois<\/a>, Montr\u00e9al<\/p>\n\n\n\n<p>Choeur  Crocjazz<\/p>\n\n\n\n<p>.<\/p>\n\n\n\n<p><strong>8 juin 2023<\/strong>, 18:00- <a rel=\"noreferrer noopener\" href=\"http:\/\/www.bilykun.com\/\" target=\"_blank\">Bily Kun<\/a><\/p>\n\n\n\n<p>Duo avec Ben Comeau<\/p>\n\n\n\n<p>.<\/p>\n\n\n\n<p><strong>4 juin 2023<\/strong>, 20:00, Le Z\u00e9nob, Trois-Rivi\u00e8res, ANNUL\u00c9<\/p>\n\n\n\n<p>Benoit Paradis Trio <\/p>\n\n\n\n<p>.<\/p>\n\n\n\n<p><strong>4 juin 2023<\/strong>, 9:30&nbsp;\u00c9cole des jeunes de l&#8217;Universit\u00e9 de Montr\u00e9al<\/p>\n\n\n\n<p>Classes d&#8217;\u00e9veil musical<\/p>\n\n\n\n<p>.<\/p>\n\n\n\n<p><strong>3 juin 2023<\/strong>, 11:30 Studio La Po\u00eale<\/p>\n\n\n\n<p>Choeur Crocmuzik, Crocjazz et Muzi<\/p>\n\n\n\n<p>.<\/p>\n\n\n\n<p><strong>13 mai 2023<\/strong>, 21:00, Studio Le Michel, Saint-Pascal-de-Kamouraska<\/p>\n\n\n\n<p>Benoit Paradis Trio <\/p>\n\n\n\n<p>.<\/p>\n\n\n\n<p><strong>12 mai 2023<\/strong>, 20:00, Le Griffon, Gasp\u00e9<\/p>\n\n\n\n<p>Benoit Paradis Trio <\/p>\n\n\n\n<p>.<\/p>\n\n\n\n<p><strong>11 mai 2023<\/strong>, 20:00, La pointe sec, Mont-Louis<\/p>\n\n\n\n<p>Benoit Paradis Trio <\/p>\n\n\n\n<p>.<\/p>\n\n\n\n<p><strong>10 mai 2023<\/strong>, 20:00, <a rel=\"noreferrer noopener\" href=\"http:\/\/\" target=\"_blank\">Le Paradis<\/a>, Rimouski<\/p>\n\n\n\n<p>Benoit Paradis Trio <\/p>\n\n\n\n<p>.<\/p>\n\n\n\n<p><strong>6 mai 2023<\/strong>, 20:00, biblioth\u00e8que de Saint-Paulin<\/p>\n\n\n\n<p>Benoit Paradis Trio <\/p>\n\n\n\n<p>.<\/p>\n\n\n\n<p><strong>5 mai 2023<\/strong>, 13:00, Le Prince \u00c9lie, Saint-\u00c9lie<\/p>\n\n\n\n<p>Benoit Paradis Trio <\/p>\n\n\n\n<p>.<\/p>\n\n\n\n<p><strong>30 avril 2023<\/strong>, 20:30, <a rel=\"noreferrer noopener\" href=\"https:\/\/lepointdevente.com\/billets\/vrb230430001\" target=\"_blank\">Le Verre Bouteille<\/a><\/p>\n\n\n\n<p>Le nid de Blanche Baillargeon- Bass, Sacha Daoud-Batterie, Alex Dodier- Fl\u00fbte, Guillaume Bourque- Clarinette<\/p>\n\n\n\n<p>.<\/p>\n\n\n\n<p><strong>26 avril 2023<\/strong>, 18:00- <a rel=\"noreferrer noopener\" href=\"http:\/\/www.bilykun.com\/\" target=\"_blank\">Bily Kun<\/a><\/p>\n\n\n\n<p>Piano solo<\/p>\n\n\n\n<p>.<\/p>\n\n\n\n<p><strong>29 mars 202<\/strong>3, 18:00- <a rel=\"noreferrer noopener\" href=\"http:\/\/www.bilykun.com\/\" target=\"_blank\">Bily Kun<\/a><\/p>\n\n\n\n<p>Piano solo<\/p>\n\n\n\n<p>.<\/p>\n\n\n\n<p><strong>26 mars 2023<\/strong>, 17:00, <a href=\"https:\/\/lechevalblanc.ca\/\" data-type=\"URL\" data-id=\"https:\/\/lechevalblanc.ca\/\" target=\"_blank\" rel=\"noreferrer noopener\">Le Cheval Blanc<\/a><\/p>\n\n\n\n<p>Benoit Paradis Trio <\/p>\n\n\n\n<p>.<\/p>\n\n\n\n<p><strong>25 mars 20<\/strong>2<strong>3<\/strong>, 15:30 Studio La Po\u00eale<\/p>\n\n\n\n<p>Choeur Crocmuzik, Crocjazz et Muzi<\/p>\n\n\n\n<p>.<\/p>\n\n\n\n<p><strong>12 mars 2023<\/strong>, 11:00 <a href=\"https:\/\/robindesbois.ca\/\" data-type=\"URL\" data-id=\"https:\/\/robindesbois.ca\/\" target=\"_blank\" rel=\"noreferrer noopener\">Le Robin des Bois<\/a>, Montr\u00e9al<\/p>\n\n\n\n<p>Choeur  Muzi<\/p>\n\n\n\n<p>.<\/p>\n\n\n\n<p><strong>2 f\u00e9vrier 2023<\/strong>, 19:30, Maison de la culture Plateau Mont-Royal<\/p>\n\n\n\n<p>Le nid de Blanche Baillargeon- Bass, Sacha Daoud-Batterie, Alex Dodier- Fl\u00fbte, Guillaume Bourque- Clarinette<\/p>\n\n\n\n<p>.<\/p>\n\n\n\n<p><strong>18 d\u00e9c 2022<\/strong>, 9:30&nbsp;\u00c9cole des jeunes de l&#8217;Universit\u00e9 de Montr\u00e9al<\/p>\n\n\n\n<p>Classes d&#8217;\u00e9veil musical<\/p>\n\n\n\n<p>.<\/p>\n\n\n\n<p><strong>18 d\u00e9cembre 20<\/strong>22, 15:30 Studio La Po\u00eale<\/p>\n\n\n\n<p>Choeur Crocmuzik, Crocjazz et Muzi<\/p>\n\n\n\n<p>.<\/p>\n\n\n\n<p><strong>4 d\u00e9cembre 20<\/strong>22, 11:00 Le Robin des Bois, Parc Lafontaine, Montr\u00e9al<\/p>\n\n\n\n<p>Choeur  Muzi<\/p>\n\n\n\n<p>.<\/p>\n\n\n\n<p><strong>12 novembre 2022<\/strong>, 21:00&nbsp;<a href=\"https:\/\/sans-taverne.coop\" target=\"_blank\" rel=\"noreferrer noopener\">Le sans Taverne<\/a><\/p>\n\n\n\n<p>Benoit Paradis Trio <\/p>\n\n\n\n<p>.<\/p>\n\n\n\n<p><strong>10 novembre 2022<\/strong>, 20:00&nbsp;<a href=\"https:\/\/opatrovys.com\/about\" target=\"_blank\" rel=\"noreferrer noopener\">Patro Vys<\/a><\/p>\n\n\n\n<p>Lancement d&#8217;album  Le nid de Blanche Baillargeon<\/p>\n\n\n\n<p><\/p>\n\n\n\n<p>.<\/p>\n\n\n\n<p><strong>23 septembre 2022<\/strong>, 20:00&nbsp;Maison de la culture Mercier<\/p>\n\n\n\n<p>Benoit Paradis Trio<\/p>\n\n\n\n<p>.<\/p>\n\n\n\n<p><strong>25 ao\u00fbt 2022<\/strong>, 18:00&nbsp;Cin\u00e9math\u00e8que qu\u00e9b\u00e9coise<\/p>\n\n\n\n<p>Accompagnement du film muet La chute de la maison Usher de Jean Epstein<\/p>\n\n\n\n<p>.<\/p>\n\n\n\n<p><strong>23 ao\u00fbt 2022<\/strong>, 20:00 au Parc Devonshire et 21:00 rue Prince-Arthur fa\u00e7ade Sena<\/p>\n\n\n\n<p>Avec Crocjazz, Benoit Paradis Trio et Mapp Montr\u00e9al<\/p>\n\n\n\n<p>.<\/p>\n\n\n\n<p><strong>28 juillet 2022<\/strong>, 18:00&nbsp;Cin\u00e9math\u00e8que qu\u00e9b\u00e9coise<\/p>\n\n\n\n<p>Accompagnement du film muet Le cuirass\u00e9 Potemkine de Serguei Eisenstein<\/p>\n\n\n\n<p>.<\/p>\n\n\n\n<p><strong>22 juillet 202<\/strong>2, 18:00&nbsp;Maison de la culture de Saint Placide<\/p>\n\n\n\n<p>Benoit Paradis Trio <\/p>\n\n\n\n<p>.<\/p>\n\n\n\n<p><strong>21 juillet 2022<\/strong>, 20:00&nbsp;La Bezotte, Yamachiche<\/p>\n\n\n\n<p>Benoit Paradis Trio <\/p>\n\n\n\n<p>.<\/p>\n\n\n\n<p><strong>30 juin 2022<\/strong>, 21:00&nbsp;ruelle Modigliani et 22:00 Chalet du Parc Laurier<\/p>\n\n\n\n<p>Avec Crocjazz, Benoit Paradis Trio et Mapp Montr\u00e9al<\/p>\n\n\n\n<p>.<\/p>\n\n\n\n<p><strong>28 juin 2022<\/strong>, 21:00&nbsp;ruelle Henri-Julien et De Gasp\u00e9 coin Maguire et 22:00 rue Du Laos coin St-Denis<\/p>\n\n\n\n<p>Avec Crocjazz, Benoit Paradis Trio et Mapp Montr\u00e9al<\/p>\n\n\n\n<p>.<\/p>\n\n\n\n<p><strong>22 juin 2022<\/strong>, 21:00&nbsp;<\/p>\n\n\n\n<p>Avec Crocjazz, Benoit Paradis Trio et Mapp Montr\u00e9al<\/p>\n\n\n\n<p>.<\/p>\n\n\n\n<p><strong>12 juin 202<\/strong>2, 16:00 Le Robin des Bois, Parc Lafontaine, Montr\u00e9al<\/p>\n\n\n\n<p>Choeur  Muzi<\/p>\n\n\n\n<p>.<\/p>\n\n\n\n<p><strong> 12 juin 2022<\/strong>, 9:30&nbsp;\u00c9cole des jeunes de l&#8217;Universit\u00e9 de Montr\u00e9al<\/p>\n\n\n\n<p>Classes d&#8217;\u00e9veil musical<\/p>\n\n\n\n<p>.<\/p>\n\n\n\n<p><strong> 11 juin 2022<\/strong>, 20:00&nbsp;Chez Julie, Concert de salon, St-\u00c9lie-de-Caxton<\/p>\n\n\n\n<p>Avec Blanche Baillargeon- Contrebasse et voix, Sacha Daoud- Batterie, Guillaume Bourque-Clarinettes<\/p>\n\n\n\n<p>.<\/p>\n\n\n\n<p><strong>8 juin 2022<\/strong>, 17:30&nbsp;Cin\u00e9math\u00e8que qu\u00e9b\u00e9coise<\/p>\n\n\n\n<p>Accompagnement du film muet Le cabinet du docteur Caligari de Robert Wiene<\/p>\n\n\n\n<p>.<\/p>\n\n\n\n<p><strong>18 mai 202<\/strong>2, 20:00&nbsp;Verre Bouteille, Montr\u00e9al<\/p>\n\n\n\n<p>Benoit Paradis Trio <\/p>\n\n\n\n<p>.<\/p>\n\n\n\n<p><strong>15 mai 202<\/strong>2, 20:00&nbsp;Le Zaricot, Saint-Hyacinthe<\/p>\n\n\n\n<p>Benoit Paradis Trio <\/p>\n\n\n\n<p>.<\/p>\n\n\n\n<p><strong>1er mai 2022<\/strong>, 14:00- Studio La po\u00eale<\/p>\n\n\n\n<p>Choeurs Crocmuzik, Crocjazz et ensemble Muzimonde<\/p>\n\n\n\n<p>.<\/p>\n\n\n\n<p><strong>21 avril 20<\/strong>22, 18:00- Bily Kun<\/p>\n\n\n\n<p>Duo avec Benoit Coulombe<\/p>\n\n\n\n<p>.<\/p>\n\n\n\n<p><strong>11 mars 20<\/strong>22, 18:00- Bily Kun<\/p>\n\n\n\n<p>Duo avec Benoit Coulombe<\/p>\n\n\n\n<p>.<\/p>\n\n\n\n<p><strong>10 mars 202<\/strong>2, 20:00&nbsp;Club Soda, Montr\u00e9al<\/p>\n\n\n\n<p>Benoit Paradis Trio en premi\u00e8re partie de JP Le Pad Tremblay<\/p>\n\n\n\n<p>.<\/p>\n\n\n\n<p><strong>9 mars 202<\/strong>2, 20:00&nbsp;Club Soda, Montr\u00e9al<\/p>\n\n\n\n<p>Benoit Paradis Trio en premi\u00e8re partie de JP Le Pad Tremblay<\/p>\n\n\n\n<p>.<\/p>\n\n\n\n<p><strong>6 mars 202<\/strong>2, 18:00&nbsp;Quai des Brumes, Montr\u00e9al<\/p>\n\n\n\n<p>Benoit Paradis Trio en premi\u00e8re partie de JP Le Pad Tremblay<\/p>\n\n\n\n<p><\/p>\n\n\n\n<p><\/p>\n\n\n\n<p><strong>2021<\/strong><\/p>\n\n\n\n<p><strong> 11 d\u00e9cembre 2021<\/strong>, 19:00&nbsp;Studio Piccolo<\/p>\n\n\n\n<p>Avec Blanche Baillargeon- Contrebasse et voix, Sacha Daoud- Batterie, Guillaume Bourque-Clarinettes<\/p>\n\n\n\n<p>.<\/p>\n\n\n\n<p><strong>16 juillet 2021<\/strong>, 20:00&nbsp;<a href=\"https:\/\/www.lesgrandsbois.com\/evenements\">Microbrasserie Les Grands Bois<\/a>, St-Casimir<\/p>\n\n\n\n<p>Benoit Paradis Trio<\/p>\n\n\n\n<p>.<\/p>\n\n\n\n<p><strong>15 juillet 2021<\/strong>, 19:00&nbsp;<a href=\"http:\/\/houseofjazz.ca\/?lang=fr\" target=\"_blank\" rel=\"noopener\">House of jazz<\/a>, Laval<\/p>\n\n\n\n<p>w. Snooky- Drums and voice, James Challenger-Bass<\/p>\n\n\n\n<p>.<\/p>\n\n\n\n<p><strong>11 juillet 2021<\/strong>, 19:00&nbsp;<a href=\"http:\/\/houseofjazz.ca\/?lang=fr\" target=\"_blank\" rel=\"noopener\">House of jazz<\/a>, Laval<\/p>\n\n\n\n<p>w. Snooky- Drums and voice, James Challenger-Bass<\/p>\n\n\n\n<p>.<\/p>\n\n\n\n<p><strong>2 juillet 2021<\/strong>, 19:00&nbsp;<a href=\"http:\/\/houseofjazz.ca\/?lang=fr\" target=\"_blank\" rel=\"noopener\">House of jazz<\/a>, Laval<\/p>\n\n\n\n<p>w. Snooky- Drums and voice, James Challenger-Bass<\/p>\n\n\n\n<p>.<\/p>\n\n\n\n<p><strong>24 juin 2021<\/strong>, 19:00&nbsp;<a href=\"http:\/\/houseofjazz.ca\/?lang=fr\" target=\"_blank\" rel=\"noopener\">House of jazz<\/a>, Laval<\/p>\n\n\n\n<p>w. Snooky- Drums and voice, James Challenger-Bass<\/p>\n\n\n\n<p>.<\/p>\n\n\n\n<p><strong>20 juin 2021<\/strong>, 19:00&nbsp;<a href=\"http:\/\/houseofjazz.ca\/?lang=fr\" target=\"_blank\" rel=\"noopener\">House of jazz<\/a>, Laval<\/p>\n\n\n\n<p>w. Snooky- Drums and voice, James Challenger-Bass<\/p>\n\n\n\n<p>.<\/p>\n\n\n\n<p><strong>10 juin 2021<\/strong>, 19:00&nbsp;<a href=\"http:\/\/houseofjazz.ca\/?lang=fr\" target=\"_blank\" rel=\"noopener\">House of jazz<\/a>, Laval<\/p>\n\n\n\n<p>w. Snooky- Drums and voice, James Challenger-Bass<\/p>\n\n\n\n<p>.<\/p>\n\n\n\n<p><strong>14 mai 2021<\/strong>, 19:00-<a href=\"https:\/\/cinematheque.qc.ca\/fr\/cinema\/get-your-man\/\"> Cin\u00e9math\u00e8que qu\u00e9b\u00e9coise,<\/a>&nbsp;Montr\u00e9al<\/p>\n\n\n\n<p>Accompagnement du film muet&nbsp;&nbsp;<b><i>Get your man <\/i><\/b>de Dorothy Arzner<\/p>\n\n\n\n<p><a href=\"https:\/\/www.chantalemorin.com\/site\/concerts\/2020-2\/\" target=\"_blank\" rel=\"noreferrer noopener\">2020<\/a> | <a title=\"2019\" href=\"https:\/\/www.chantalemorin.com\/site\/concerts\/2019-2\/\">2019<\/a> | <a title=\"2018\" href=\"https:\/\/www.chantalemorin.com\/site\/concerts\/2018-2\/\">2018<\/a> | <a title=\"2017\" href=\"https:\/\/www.chantalemorin.com\/site\/concerts\/2017-2\/\">2017<\/a> | <a title=\"2016\" href=\"https:\/\/www.chantalemorin.com\/site\/concerts\/2016-2\/\">2016<\/a> | <a title=\"2015\" href=\"https:\/\/www.chantalemorin.com\/site\/concerts\/2015-2\/\">2015<\/a> | <a title=\"2014\" href=\"https:\/\/www.chantalemorin.com\/site\/concerts\/2014-2\/\">2014<\/a> | <a title=\"2013\" href=\"https:\/\/www.chantalemorin.com\/site\/concerts\/2013-2\/\">2013<\/a> | <a title=\"2012\" href=\"https:\/\/www.chantalemorin.com\/site\/concerts\/2012-2\/\">2012<\/a> | <a title=\"2011\" href=\"https:\/\/www.chantalemorin.com\/site\/concerts\/2011-2\/\">2011<\/a> | <a title=\"2010\" href=\"https:\/\/www.chantalemorin.com\/site\/concerts\/2010-2\/\">2010<\/a> | <a title=\"2009\" href=\"https:\/\/www.chantalemorin.com\/site\/concerts\/2009-2\/\">2009<\/a> | <a title=\"2008\" href=\"https:\/\/www.chantalemorin.com\/site\/concerts\/2008-2\/\">2008<\/a><\/p>\n","protected":false},"excerpt":{"rendered":"<p>Concerts \u00e0 venir \/ Upcoming shows 2026 . 17 mars 2026, 18:00 Tabac Villeray Lancement du livre Empupill\u00e9 de Marie-\u00c8ve Nadeau, \u00c9ditions Mains libres . 9 avril 2026, 20:00 Contact est, St-John, NB Prestation avec le groupe Oktopus . 11 avril 2026, Espace culturel St-Gilles, Brownsburg-Chatam Avec Blanche Baillargeon Concert ant\u00e9rieur\/ Past events 2025 18 [&hellip;]<\/p>\n","protected":false},"author":1,"featured_media":0,"parent":0,"menu_order":0,"comment_status":"closed","ping_status":"open","template":"","meta":{"footnotes":""},"class_list":["post-10","page","type-page","status-publish","hentry"],"_links":{"self":[{"href":"https:\/\/www.chantalemorin.com\/site\/wp-json\/wp\/v2\/pages\/10","targetHints":{"allow":["GET"]}}],"collection":[{"href":"https:\/\/www.chantalemorin.com\/site\/wp-json\/wp\/v2\/pages"}],"about":[{"href":"https:\/\/www.chantalemorin.com\/site\/wp-json\/wp\/v2\/types\/page"}],"author":[{"embeddable":true,"href":"https:\/\/www.chantalemorin.com\/site\/wp-json\/wp\/v2\/users\/1"}],"replies":[{"embeddable":true,"href":"https:\/\/www.chantalemorin.com\/site\/wp-json\/wp\/v2\/comments?post=10"}],"version-history":[{"count":680,"href":"https:\/\/www.chantalemorin.com\/site\/wp-json\/wp\/v2\/pages\/10\/revisions"}],"predecessor-version":[{"id":1375,"href":"https:\/\/www.chantalemorin.com\/site\/wp-json\/wp\/v2\/pages\/10\/revisions\/1375"}],"wp:attachment":[{"href":"https:\/\/www.chantalemorin.com\/site\/wp-json\/wp\/v2\/media?parent=10"}],"curies":[{"name":"wp","href":"https:\/\/api.w.org\/{rel}","templated":true}]}}