{"id":1069,"date":"2021-02-05T16:19:15","date_gmt":"2021-02-05T16:19:15","guid":{"rendered":"http:\/\/www.chantalemorin.com\/site\/?page_id=1069"},"modified":"2021-02-05T16:39:57","modified_gmt":"2021-02-05T16:39:57","slug":"2019-2","status":"publish","type":"page","link":"https:\/\/www.chantalemorin.com\/site\/concerts\/2019-2\/","title":{"rendered":"2019"},"content":{"rendered":"<p><strong>21 d\u00e9cembre 2019<\/strong>, 13:00 et 15:00 Parc des Compagnons-de Saint-Laurent, Montr\u00e9al<\/p>\n<p>Choeurs Crocmuzik<\/p>\n<p>.<\/p>\n<p><strong>20 d\u00e9cembre 2019<\/strong>, 18:00- Bily Kun<\/p>\n<p>Duo avec Sage Reynolds<\/p>\n<p>.<\/p>\n<p><strong>18 d\u00e9cembre 2019<\/strong>, 19:00\u00a0<a href=\"http:\/\/houseofjazz.ca\/?lang=fr\" target=\"_blank\">House of jazz<\/a>, Montr\u00e9al<\/p>\n<p>w. Snooky- Drums and voice, Ben Comeau- Bass, Erik Hoves-Sax<\/p>\n<p>.<\/p>\n<p><strong>16 d\u00e9cembre 2019<\/strong>, 18:30 Chapelle de l&#8217;\u00e9glise St-Jean Baptiste, Montr\u00e9al<\/p>\n<p>Choeur Crocmuzik et Crocjazz<\/p>\n<p>.<\/p>\n<p><strong>13 d\u00e9cembre 2019<\/strong>, 18:00\u00a0<a href=\"http:\/\/houseofjazz.ca\/?lang=fr\" target=\"_blank\">House of jazz<\/a>, Laval<\/p>\n<p>w. Snooky- Drums and voice, Ben Comeau- Bass, Erik Hoves-Sax<\/p>\n<p>.<\/p>\n<p><strong>11 d\u00e9cembre 2019<\/strong>, 19:00\u00a0<a href=\"http:\/\/houseofjazz.ca\/?lang=fr\" target=\"_blank\">House of jazz<\/a>, Montr\u00e9al<\/p>\n<p>w. Snooky- Drums and voice, Ben Comeau- Bass, Erik Hoves-Sax<\/p>\n<p>.<\/p>\n<p><strong>6 d\u00e9cembre 2019<\/strong>, 21:00\u00a0<a href=\"http:\/\/houseofjazz.ca\/?lang=fr\" target=\"_blank\">House of jazz<\/a>, Laval<\/p>\n<p>w. Snooky- Drums and voice, Ben Comeau- Bass, Erik Hoves-Sax<\/p>\n<p>.<\/p>\n<p><strong>5 d\u00e9cembre 2019<\/strong>, 18:00- Bily Kun<\/p>\n<p>Duo avec Sage Reynolds<\/p>\n<p>.<\/p>\n<p><strong>4 d\u00e9cembre 2019<\/strong>, 19:00\u00a0<a href=\"http:\/\/houseofjazz.ca\/?lang=fr\" target=\"_blank\">House of jazz<\/a>, Montr\u00e9al<\/p>\n<p>w. Snooky- Drums and voice, Ben Comeau- Bass, Erik Hoves-Sax<\/p>\n<p>.<\/p>\n<p><b>28 novembre 2019<\/b>, 19:00, Librairie Vieux Book<\/p>\n<p><a href=\"https:\/\/www.benoitparadistrio.com\">Benoit Paradis Trio<\/a><\/p>\n<p>.<\/p>\n<p><strong>24 novembre 2019<\/strong>, 19:00\u00a0<a href=\"http:\/\/houseofjazz.ca\/?lang=fr\" target=\"_blank\">House of jazz<\/a>, Laval<\/p>\n<p>w. Snooky- Drums and voice, Ben Comeau- Bass, Erik Hoves-Sax<\/p>\n<p>.<\/p>\n<p><strong>22 novembre 2019<\/strong>, 18:00- Bily Kun<\/p>\n<p>Duo avec Benoit Coulombe<\/p>\n<p>.<\/p>\n<p><strong>20 novembre 2019<\/strong>, 19:00\u00a0<a href=\"http:\/\/houseofjazz.ca\/?lang=fr\" target=\"_blank\">House of jazz<\/a>, Montr\u00e9al<\/p>\n<p>w. Snooky- Drums and voice, Ben Comeau- Bass, Erik Hoves-Sax<\/p>\n<p>.<\/p>\n<p><b>13 novembre 2019<\/b>, 19:00, Centre \u00a0d&#8217;arts Diane Dufresne, Repentigny<\/p>\n<p><a href=\"https:\/\/www.benoitparadistrio.com\">Benoit Paradis Trio<\/a><\/p>\n<p>.<\/p>\n<p><strong>6 novembre 2019<\/strong>, 19:00\u00a0<a href=\"http:\/\/houseofjazz.ca\/?lang=fr\" target=\"_blank\">House of jazz<\/a>, Montr\u00e9al<\/p>\n<p>w. Snooky- Drums and voice, Ben Comeau- Bass, Erik Hoves-Sax<\/p>\n<p>.<\/p>\n<p><b>19 octobre 2019<\/b>, 21:00, <a href=\"https:\/\/www.facebook.com\/pages\/Th\u00e9\u00e2tre-Th\u00e9nardier-Montreuil\/132334480763714\">Th\u00e9atre Th\u00e9nardier<\/a>, Montreuil, FRANCE<\/p>\n<p><a href=\"https:\/\/www.benoitparadistrio.com\">Benoit Paradis Trio<\/a><\/p>\n<p>.<\/p>\n<p><b>18 octobre 2019<\/b>, 21:00, Les agit\u00e9s du local, Belvezet, FRANCE<\/p>\n<p><a href=\"https:\/\/www.benoitparadistrio.com\">Benoit Paradis Trio<\/a><\/p>\n<p>.<\/p>\n<p><b>17 octobre 2019<\/b>, 21:00, <a href=\"https:\/\/www.facebook.com\/pg\/cafe.plum\/events\/\">Caf\u00e9 Plum<\/a>, Lautrec, FRANCE<\/p>\n<p><a href=\"https:\/\/www.benoitparadistrio.com\">Benoit Paradis Trio<\/a><\/p>\n<p>.<\/p>\n<p><b>15 octobre 2019<\/b>, 21:00, <a href=\"https:\/\/www.facebook.com\/bijouconcert\/\">Le Bijou<\/a>, Toulouse, FRANCE<\/p>\n<p><a href=\"https:\/\/www.benoitparadistrio.com\">Benoit Paradis Trio<\/a><\/p>\n<p>.<\/p>\n<p><b>13 octobre 2019<\/b>, 15:00, <a href=\"http:\/\/lebellovidere.net\">Le Bellovid\u00e8re<\/a>, Beauvoir, FRANCE<\/p>\n<p><a href=\"https:\/\/www.benoitparadistrio.com\">Benoit Paradis Trio<\/a><\/p>\n<p>.<\/p>\n<p><b>12 octobre 2019<\/b>, 21:00, <a href=\"http:\/\/lebellovidere.net\">Le Bellovid\u00e8re<\/a>, Beauvoir, FRANCE<\/p>\n<p><a href=\"https:\/\/www.benoitparadistrio.com\">Benoit Paradis Trio<\/a><\/p>\n<p>.<\/p>\n<p><b>11 octobre 2019<\/b>, 21:00, <a href=\"http:\/\/lebellovidere.net\">Le Bellovid\u00e8re<\/a>, Beauvoir, FRANCE<\/p>\n<p><a href=\"https:\/\/www.benoitparadistrio.com\">Benoit Paradis Trio<\/a><\/p>\n<p>.<\/p>\n<p><b>5 octobre 2019<\/b>, 15:00 et 23:00, L&#8217;Estival, St-Germain-en-Lay, FRANCE<\/p>\n<p><a href=\"https:\/\/www.benoitparadistrio.com\">Benoit Paradis Trio<\/a><\/p>\n<p>.<\/p>\n<p><b>4 octobre 2019<\/b>, 20:00, <a href=\"https:\/\/www.nebia.ch\">Th\u00e9\u00e2tre de poche<\/a>, Bienne, SUISSE<\/p>\n<p><a href=\"https:\/\/www.benoitparadistrio.com\">Benoit Paradis Trio<\/a><\/p>\n<p>.<\/p>\n<p><b>3 octobre 2019<\/b>, 20:00,<a href=\"http:\/\/www.coeurdor.ch\"> Le Caveau du coeur d&#8217;or<\/a>, Chexbres, SUISSE<\/p>\n<p><a href=\"https:\/\/www.benoitparadistrio.com\">Benoit Paradis Trio<\/a><\/p>\n<p>.<\/p>\n<p><b>2 octobre 2019<\/b>, 20:00,<a href=\"https:\/\/www.lateuf.net\/website\/?Festival=Concerts\"> La Bretelle<\/a>, Gen\u00e8ve, SUISSE<\/p>\n<p><a href=\"https:\/\/www.benoitparadistrio.com\">Benoit Paradis Trio<\/a><\/p>\n<p>.<\/p>\n<p><b>30 septembre 2019<\/b>, 20:00, <a href=\"https:\/\/www.keller62.ch\/portrait\/index.html\">Th\u00e9\u00e2tre Keller 62<\/a>, Zurich, SUISSE<\/p>\n<p><a href=\"https:\/\/www.benoitparadistrio.com\">Benoit Paradis Trio<\/a><\/p>\n<p>.<\/p>\n<p><strong>11 septembre 2019<\/strong>, 19:30,\u00a0 Caf\u00e9 Fou Aelli\u00e9, Universit\u00e9 Laval, Qu\u00e9bec<\/p>\n<p><a href=\"https:\/\/www.benoitparadistrio.com\">Benoit Paradis Trio<\/a><\/p>\n<p>.<\/p>\n<p><strong>9 ao\u00fbt 2019<\/strong>, 19:00- <a href=\"http:\/\/www.cinematheque.qc.ca\/fr\/programmation\/projections\/femmes-femmes-soiree-douverture-du-grand-cycle-estival\">Cin\u00e9math\u00e8que qu\u00e9b\u00e9coise<\/a>,\u00a0Montr\u00e9al<\/p>\n<p>Accompagnement\u00a0Slapstick muets :\u00a0<strong><em>A Clever Dummy<\/em><\/strong> de Mack Sennett,\u00a0<strong><em>One Week<\/em><\/strong> Buster Keaton,\u00a0<strong><em>The Rink<\/em><\/strong> Charlie Chaplin,\u00a0<strong><em>Big Business<\/em><\/strong> de Laurel et Hardy<\/p>\n<p>.<\/p>\n<p><strong>2 ao\u00fbt 2019<\/strong>, 19:00- <a href=\"http:\/\/www.cinematheque.qc.ca\/fr\/programmation\/projections\/femmes-femmes-soiree-douverture-du-grand-cycle-estival\">Cin\u00e9math\u00e8que qu\u00e9b\u00e9coise<\/a>,\u00a0Montr\u00e9al<\/p>\n<p>Accompagnement du film muet\u00a0 <b><i>The Kid Brother <\/i><\/b>de Ted Wilde, H. Lloyd<\/p>\n<p>.<\/p>\n<p><strong>5 juin 2019<\/strong>, 19:00\u00a0<a href=\"http:\/\/houseofjazz.ca\/?lang=fr\" target=\"_blank\">House of jazz<\/a>, Montr\u00e9al<\/p>\n<p>w. Snooky- Drums and voice, Ben Comeau- Bass, Drey Demosthene-Sax<\/p>\n<p>.<\/p>\n<p><strong>1 er juin 2019<\/strong>, 13:30 \u00a0et 15:00 Conservatoire de musique de Montr\u00e9al, Atelier lyrique<\/p>\n<p>Choeurs Crocmuzik et Crocjazz<\/p>\n<p>.<\/p>\n<p><strong>30 mai 2019<\/strong>, 18:30 \u00a0et 19:30\u00a0Caf\u00e9 Kawa<\/p>\n<p>Ensemble vocal Muzimonde<\/p>\n<p>.<\/p>\n<p><strong>24 mai 2019<\/strong>, 18:00- Bily Kun<\/p>\n<p>Duo avec Sage Reynolds<\/p>\n<p>.<\/p>\n<p><strong>22 mai 2019<\/strong>, 19:00\u00a0<a href=\"http:\/\/houseofjazz.ca\/?lang=fr\" target=\"_blank\">House of jazz<\/a>, Montr\u00e9al<\/p>\n<p>w. Snooky- Drums and voice, Ben Comeau- Bass, Drey Demosthene-Sax<\/p>\n<p>.<\/p>\n<p><strong>19 mai 2019<\/strong>, 19:00\u00a0<a href=\"http:\/\/houseofjazz.ca\/?lang=fr\" target=\"_blank\">House of jazz<\/a>, Laval<\/p>\n<p>w. Snooky- Drums and voice, Ben Comeau- Bass, Drey Demosthene-Sax<\/p>\n<p>.<\/p>\n<p><strong>18 mai 2019<\/strong>, 9:30 \u00e0 13:30, Pavillon de musique de l&#8217;UdeM<\/p>\n<p>\u00c9cole des jeunes de l&#8217;Universit\u00e9 de Montr\u00e9al<\/p>\n<p>.<\/p>\n<p><strong>15 mai 2019<\/strong>, 19:00\u00a0<a href=\"http:\/\/houseofjazz.ca\/?lang=fr\" target=\"_blank\">House of jazz<\/a>, Montr\u00e9al<\/p>\n<p>w. Snooky- Drums and voice, Ben Comeau- Bass, Drey Demosthene-Sax<\/p>\n<p>.<\/p>\n<p><strong>10 mai 2019<\/strong>, 19:00- <a href=\"http:\/\/www.cinematheque.qc.ca\/fr\/programmation\/projections\/femmes-femmes-soiree-douverture-du-grand-cycle-estival\">Cin\u00e9math\u00e8que qu\u00e9b\u00e9coise<\/a>,\u00a0Montr\u00e9al<\/p>\n<p>Accompagnement du film muet\u00a0Zvenigora\u00a0de Alexandre Dovjenko<\/p>\n<p>.<\/p>\n<p><strong>12 mai 2019<\/strong>, 19:00\u00a0<a href=\"http:\/\/houseofjazz.ca\/?lang=fr\" target=\"_blank\">House of jazz<\/a>, Laval<\/p>\n<p>w. Snooky- Drums and voice, Ben Comeau- Bass, Drey Demosthene-Sax<\/p>\n<p>.<\/p>\n<p><strong>8 mai 2019<\/strong>, 19:00\u00a0<a href=\"http:\/\/houseofjazz.ca\/?lang=fr\" target=\"_blank\">House of jazz<\/a>, Montr\u00e9al<\/p>\n<p>w. Snooky- Drums and voice, Ben Comeau- Bass, Drey Demosthene-Sax<\/p>\n<p>.<\/p>\n<p><strong>5 mai 2019<\/strong>, 19:00\u00a0<a href=\"http:\/\/houseofjazz.ca\/?lang=fr\" target=\"_blank\">House of jazz<\/a>, Laval<\/p>\n<p>w. Snooky- Drums and voice, Ben Comeau- Bass, Drey Demosthene-Sax<\/p>\n<p>.<\/p>\n<p><strong>3 mai 2019<\/strong>, 19:00- <a href=\"http:\/\/www.cinematheque.qc.ca\/fr\/programmation\/projections\/femmes-femmes-soiree-douverture-du-grand-cycle-estival\">Cin\u00e9math\u00e8que qu\u00e9b\u00e9coise<\/a>,\u00a0Montr\u00e9al<\/p>\n<p>Accompagnement des films muets\u00a0Small Fruit of Love\u00a0et\u00a0The Diplomatic Pouch\u00a0de Alexandre Dovjenko<\/p>\n<p>.<\/p>\n<p><strong>1 er mai 2019<\/strong>, 19:00\u00a0<a href=\"http:\/\/houseofjazz.ca\/?lang=fr\" target=\"_blank\">House of jazz<\/a>, Montr\u00e9al<\/p>\n<p>w. Snooky- Drums and voice, Ben Comeau- Bass, Drey Demosthene-Sax<\/p>\n<p>.<\/p>\n<p><strong>26 avril 2019<\/strong>, 18:00- Bily Kun<\/p>\n<p>Duo avec Ben Comeau<\/p>\n<p>.<\/p>\n<p><strong>24 avril 2019<\/strong>, 19:00\u00a0<a href=\"http:\/\/houseofjazz.ca\/?lang=fr\" target=\"_blank\">House of jazz<\/a>, Montr\u00e9al<\/p>\n<p>w. Snooky- Drums and voice, Ben Comeau- Bass, Drey Demosthene-Sax<\/p>\n<p>.<\/p>\n<p><strong>23 avril 2019<\/strong>, 20:00, Le Verre Bouteille, Montr\u00e9al<\/p>\n<p><a href=\"https:\/\/www.benoitparadistrio.com\">Benoit Paradis Trio<\/a><\/p>\n<p>.<\/p>\n<p><strong>17 avril 2019<\/strong>, 19:00\u00a0<a href=\"http:\/\/houseofjazz.ca\/?lang=fr\" target=\"_blank\">House of jazz<\/a>, Montr\u00e9al<\/p>\n<p>w. Snooky- Drums and voice, Ben Comeau- Bass, Drey Demosthene-Sax<\/p>\n<p>.<\/p>\n<p><strong>12 avril 2019<\/strong>, 18:00- Bily Kun<\/p>\n<p>Duo avec Alex Bellegarde<\/p>\n<p>.<\/p>\n<p><strong>11 avril 2019<\/strong>, 19:00\u00a0<a href=\"http:\/\/houseofjazz.ca\/?lang=fr\" target=\"_blank\">House of jazz<\/a>, Laval<\/p>\n<p>w. Snooky- Drums and voice, Ben Comeau- Bass, Drey Demosthene-Sax<\/p>\n<p>.<\/p>\n<p><strong>10 avril 2019<\/strong>, 19:00\u00a0<a href=\"http:\/\/houseofjazz.ca\/?lang=fr\" target=\"_blank\">House of jazz<\/a>, Montr\u00e9al<\/p>\n<p>w. Snooky- Drums and voice, Ben Comeau- Bass, Drey Demosthene-Sax<\/p>\n<p>.<\/p>\n<p><strong>7 avril 2019<\/strong>, 19:00\u00a0<a href=\"http:\/\/houseofjazz.ca\/?lang=fr\" target=\"_blank\">House of jazz<\/a>, Laval<\/p>\n<p>w. Snooky- Drums and voice, Ben Comeau- Bass, Drey Demosthene-Sax<\/p>\n<p>.<\/p>\n<p><strong>4 avril 2019<\/strong>, 18:00- Bily Kun<\/p>\n<p>Duo avec Alex Bellegarde<\/p>\n<p>.<\/p>\n<p><strong>3 avril 2019<\/strong>, 19:00\u00a0<a href=\"http:\/\/houseofjazz.ca\/?lang=fr\" target=\"_blank\">House of jazz<\/a>, Montr\u00e9al<\/p>\n<p>w. Snooky- Drums and voice, Ben Comeau- Bass, Drey Demosthene-Sax<\/p>\n<p>.<\/p>\n<p><strong>31 mars 2019<\/strong>, 19:00\u00a0<a href=\"http:\/\/houseofjazz.ca\/?lang=fr\" target=\"_blank\">House of jazz<\/a>, Laval<\/p>\n<p>w. Snooky- Drums and voice, Ben Comeau- Bass, Drey Demosthene-Sax<\/p>\n<p>.<\/p>\n<p><strong>30 mars 2019<\/strong>, 13:00 \u00a0et 15:00 Conservatoire de musique de Montr\u00e9al, Atelier lyrique<\/p>\n<p>Choeurs Crocmuzik et Crocjazz<\/p>\n<p>.<\/p>\n<p><strong>27 mars 2019<\/strong>, 19:00\u00a0<a href=\"http:\/\/houseofjazz.ca\/?lang=fr\" target=\"_blank\">House of jazz<\/a>, Montr\u00e9al<\/p>\n<p>w. Snooky- Drums and voice, Ben Comeau- Bass, Drey Demosthene-Sax<\/p>\n<p>.<\/p>\n<p><strong>22 mars 2019<\/strong>, 18:00- Bily Kun<\/p>\n<p>Duo avec Ben Comeau<\/p>\n<p>.<\/p>\n<p><strong>15 mars 2019<\/strong>, 18:00- Bily Kun<\/p>\n<p>Duo avec Ben Comeau<\/p>\n<p>.<\/p>\n<p><strong>14 mars 2019<\/strong>, 19:00\u00a0<a href=\"http:\/\/houseofjazz.ca\/?lang=fr\" target=\"_blank\">House of jazz<\/a>, Laval<\/p>\n<p>w. Snooky- Drums and voice, Ben Comeau- Bass, Drey Demosthene-Sax<\/p>\n<p>.<\/p>\n<p><strong>13 mars 2019<\/strong>, 19:00\u00a0<a href=\"http:\/\/houseofjazz.ca\/?lang=fr\" target=\"_blank\">House of jazz<\/a>, Montr\u00e9al<\/p>\n<p>w. Snooky- Drums and voice, Ben Comeau- Bass, Drey Demosthene-Sax<\/p>\n<p>.<\/p>\n<p><strong>10 mars 2019<\/strong>, 19:00\u00a0<a href=\"http:\/\/houseofjazz.ca\/?lang=fr\" target=\"_blank\">House of jazz<\/a>, Laval<\/p>\n<p>w. Snooky- Drums and voice, Ben Comeau- Bass, Drey Demosthene-Sax<\/p>\n<p>.<\/p>\n<p><strong>28 f\u00e9vrier 2019<\/strong>, 19:00\u00a0<a href=\"http:\/\/houseofjazz.ca\/?lang=fr\" target=\"_blank\">House of jazz<\/a>, Laval<\/p>\n<p>w. Snooky- Drums and voice, Ben Comeau- Bass, Drey Demosthene-Sax<\/p>\n<p>.<\/p>\n<p><strong>22 f\u00e9vrier 2019<\/strong>, 18:00- Bily Kun<\/p>\n<p>Duo avec Sage Reynolds<\/p>\n<p>.<\/p>\n<p><strong>20 f\u00e9vrier 2019<\/strong>, 19:00\u00a0<a href=\"http:\/\/houseofjazz.ca\/?lang=fr\" target=\"_blank\">House of jazz<\/a>, Montr\u00e9al<\/p>\n<p>w. Snooky- Drums and voice, Ben Comeau- Bass, Drey Demosthene-Sax<\/p>\n<p>.<\/p>\n<p><strong>14 f\u00e9vrier 2019<\/strong>, 19:00\u00a0<a href=\"http:\/\/houseofjazz.ca\/?lang=fr\" target=\"_blank\">House of jazz<\/a>, Laval<\/p>\n<p>w. Snooky- Drums and voice, Ben Comeau- Bass, Drey Demosthene-Sax<\/p>\n<p>.<\/p>\n<p><strong>13 f\u00e9vrier 2019<\/strong>, 19:00\u00a0<a href=\"http:\/\/houseofjazz.ca\/?lang=fr\" target=\"_blank\">House of jazz<\/a>, Montr\u00e9al<\/p>\n<p>w. Snooky- Drums and voice, Ben Comeau- Bass, Drey Demosthene-Sax<\/p>\n<p>.<\/p>\n<p><strong>7 f\u00e9vrier 2019<\/strong>, 19:00\u00a0<a href=\"http:\/\/houseofjazz.ca\/?lang=fr\" target=\"_blank\">House of jazz<\/a>, Laval<\/p>\n<p>w. Snooky- Drums and voice, Ben Comeau- Bass, Drey Demosthene-Sax<\/p>\n<p>.<\/p>\n<p><strong>6 f\u00e9vrier 2019<\/strong>, 19:00\u00a0<a href=\"http:\/\/houseofjazz.ca\/?lang=fr\" target=\"_blank\">House of jazz<\/a>, Montr\u00e9al<\/p>\n<p>w. Snooky- Drums and voice, Ben Comeau- Bass, Drey Demosthene-Sax<\/p>\n<p>.<\/p>\n<p><strong>1er f\u00e9vrier 2019<\/strong>, 19:00\u00a0<a href=\"http:\/\/houseofjazz.ca\/?lang=fr\" target=\"_blank\">House of jazz<\/a>, Laval<\/p>\n<p>w. Snooky- Drums and voice, Ben Comeau- Bass, Drey Demosthene-Sax<\/p>\n<p>.<\/p>\n<p><strong>31 janvier 2019<\/strong>, 18:00- Bily Kun<\/p>\n<p>Duo avec Alex Bellegarde<\/p>\n<p>.<\/p>\n<p><strong>30 janvier 2019<\/strong>, 19:00\u00a0<a href=\"http:\/\/houseofjazz.ca\/?lang=fr\" target=\"_blank\">House of jazz<\/a>, Montr\u00e9al<\/p>\n<p>w. Snooky- Drums and voice, Ben Comeau- Bass, Drey Demosthene-Sax<\/p>\n<p>.<\/p>\n<p><strong>24 janvier 2019<\/strong>, 19:00\u00a0<a href=\"http:\/\/houseofjazz.ca\/?lang=fr\" target=\"_blank\">House of jazz<\/a>, Laval<\/p>\n<p>w. Snooky- Drums and voice, Ben Comeau- Bass, Drey Demosthene-Sax<\/p>\n<p>.<\/p>\n<p><strong>23 janvier 2019<\/strong>, 19:00\u00a0<a href=\"http:\/\/houseofjazz.ca\/?lang=fr\" target=\"_blank\">House of jazz<\/a>, Montr\u00e9al<\/p>\n<p>w. Snooky- Drums and voice, Ben Comeau- Bass, Drey Demosthene-Sax<\/p>\n<p>.<\/p>\n<p><strong>18 janvier 2019<\/strong>, 18:00- Bily Kun<\/p>\n<p>Duo avec Sage Reynolds<\/p>\n<p>.<\/p>\n<p><strong>17 janvier 2019<\/strong>, 19:00\u00a0<a href=\"http:\/\/houseofjazz.ca\/?lang=fr\" target=\"_blank\">House of jazz<\/a>, Laval<\/p>\n<p>w. Snooky- Drums and voice, Ben Comeau- Bass, Drey Demosthene-Sax<\/p>\n<p>.<\/p>\n<p><strong>9 janvier 2019<\/strong>, 19:00\u00a0<a href=\"http:\/\/houseofjazz.ca\/?lang=fr\" target=\"_blank\">House of jazz<\/a>, Montr\u00e9al<\/p>\n<p>w. Snooky- Drums and voice, Ben Comeau- Bass, Drey Demosthene-Sax<\/p>\n<p>.<\/p>\n<p><strong>10 janvier 2019<\/strong>, 18:00- Bily Kun<\/p>\n<p>Duo avec Sage Reynolds<\/p>\n<p>&nbsp;<\/p>\n<p>&nbsp;<\/p>\n<p>&nbsp;<\/p>\n<p><a title=\"2020\" href=\"https:\/\/www.chantalemorin.com\/site\/concerts\/2020-2\/\">2020<\/a> | <a title=\"2019\" href=\"https:\/\/www.chantalemorin.com\/site\/concerts\/2019-2\/\">2019<\/a> | <a title=\"2018\" href=\"https:\/\/www.chantalemorin.com\/site\/concerts\/2018-2\/\">2018<\/a> | <a title=\"2017\" href=\"https:\/\/www.chantalemorin.com\/site\/concerts\/2017-2\/\">2017<\/a> | <a title=\"2016\" href=\"https:\/\/www.chantalemorin.com\/site\/concerts\/2016-2\/\">2016<\/a> | <a title=\"2015\" href=\"https:\/\/www.chantalemorin.com\/site\/concerts\/2015-2\/\">2015<\/a> | <a title=\"2014\" href=\"https:\/\/www.chantalemorin.com\/site\/concerts\/2014-2\/\">2014<\/a> | <a title=\"2013\" href=\"https:\/\/www.chantalemorin.com\/site\/concerts\/2013-2\/\">2013<\/a> | <a title=\"2012\" href=\"https:\/\/www.chantalemorin.com\/site\/concerts\/2012-2\/\">2012<\/a> | <a title=\"2011\" href=\"https:\/\/www.chantalemorin.com\/site\/concerts\/2011-2\/\">2011<\/a> | <a title=\"2010\" href=\"https:\/\/www.chantalemorin.com\/site\/concerts\/2010-2\/\">2010<\/a> | <a title=\"2009\" href=\"https:\/\/www.chantalemorin.com\/site\/concerts\/2009-2\/\">2009<\/a> | <a title=\"2008\" href=\"https:\/\/www.chantalemorin.com\/site\/concerts\/2008-2\/\">2008<\/a><\/p>\n","protected":false},"excerpt":{"rendered":"<p>21 d\u00e9cembre 2019, 13:00 et 15:00 Parc des Compagnons-de Saint-Laurent, Montr\u00e9al Choeurs Crocmuzik . 20 d\u00e9cembre 2019, 18:00- Bily Kun Duo avec Sage Reynolds . 18 d\u00e9cembre 2019, 19:00\u00a0House of jazz, Montr\u00e9al w. Snooky- Drums and voice, Ben Comeau- Bass, Erik Hoves-Sax . 16 d\u00e9cembre 2019, 18:30 Chapelle de l&#8217;\u00e9glise St-Jean Baptiste, Montr\u00e9al Choeur Crocmuzik [&hellip;]<\/p>\n","protected":false},"author":1,"featured_media":0,"parent":10,"menu_order":0,"comment_status":"closed","ping_status":"closed","template":"","meta":{"footnotes":""},"class_list":["post-1069","page","type-page","status-publish","hentry"],"_links":{"self":[{"href":"https:\/\/www.chantalemorin.com\/site\/wp-json\/wp\/v2\/pages\/1069","targetHints":{"allow":["GET"]}}],"collection":[{"href":"https:\/\/www.chantalemorin.com\/site\/wp-json\/wp\/v2\/pages"}],"about":[{"href":"https:\/\/www.chantalemorin.com\/site\/wp-json\/wp\/v2\/types\/page"}],"author":[{"embeddable":true,"href":"https:\/\/www.chantalemorin.com\/site\/wp-json\/wp\/v2\/users\/1"}],"replies":[{"embeddable":true,"href":"https:\/\/www.chantalemorin.com\/site\/wp-json\/wp\/v2\/comments?post=1069"}],"version-history":[{"count":4,"href":"https:\/\/www.chantalemorin.com\/site\/wp-json\/wp\/v2\/pages\/1069\/revisions"}],"predecessor-version":[{"id":1117,"href":"https:\/\/www.chantalemorin.com\/site\/wp-json\/wp\/v2\/pages\/1069\/revisions\/1117"}],"up":[{"embeddable":true,"href":"https:\/\/www.chantalemorin.com\/site\/wp-json\/wp\/v2\/pages\/10"}],"wp:attachment":[{"href":"https:\/\/www.chantalemorin.com\/site\/wp-json\/wp\/v2\/media?parent=1069"}],"curies":[{"name":"wp","href":"https:\/\/api.w.org\/{rel}","templated":true}]}}