{"id":314,"date":"2012-02-02T15:36:55","date_gmt":"2012-02-02T15:36:55","guid":{"rendered":"http:\/\/www.chantalemorin.com\/site\/?page_id=314"},"modified":"2021-02-05T16:34:57","modified_gmt":"2021-02-05T16:34:57","slug":"2011-2","status":"publish","type":"page","link":"https:\/\/www.chantalemorin.com\/site\/concerts\/2011-2\/","title":{"rendered":"2011"},"content":{"rendered":"<p><strong>28 octobre 2011, 20h00<\/strong>&#8211; <a href=\"http:\/\/\/www.bilykun.com\">Patro Vys<\/a>, Montr\u00e9al<\/p>\n<p>15 piece orchestra playing the music from Nightmare Before Christmas (Danny Elfman) and Gogol Suite (Alfred Schnittke)<\/p>\n<p>Alex Gutjahr (Musical Director), Krystal Morrison (Clarinets), Averil  Parker (Alto Sax, Clarinets), Kim Desjardins (Tenor Sax, Clarinet,  Flutes), Franco Proietti (Bari Sax, Accordion, Vocals), Melissa Pipe  (Bassoon, Bari Sax), James Rhodes (Trumpet), Ali Fisher (Trombone),  Meiling Fong (Violin), Stephanie Vermette (Violin), Amber Jackson  (Viola), Nicole MacDonald (Cello), Shaun Ryan (Double Bass, Elcetric  Bass, Vocals), Chantale Morin (Keyboards), Andrew Appleby (Percussion),  Erica Bridgeman (Keyboards, Percussion), Jonathon Eaton (Vocals),  Heather Eaton (Vocals), Melissa Proietti (Vocals), Christina Phelps  (Vocals)<br \/>\n$10, $9 with costume or advance purchase (email gutjahr.music@gmail.com for details)<\/p>\n<p>.<\/p>\n<p><strong>27 octobre 2011<\/strong>, 18:00 &#8211;<a href=\"www.bilykun.com\" target=\"_blank\">Bily Kun<\/a>, Montr\u00e9al<\/p>\n<p>Duo avec Benoit Coulombe<\/p>\n<p>.<\/p>\n<p><strong>20 octobre 2011<\/strong>, 20h00, <a href=\"http:\/\/http:\/\/ville.montreal.qc.ca\/portal\/page?_dad=portal&amp;_pageid=95,244952&amp;_schema=PORTAL\" target=\"_blank\">Divan Orange<\/a><\/p>\n<p>Avec Jacques Rousseau (voix et compositions), \u00c9velyne Gr\u00e9goire-Rousseau (harpe), Raphael Reed (guitares, Moog),<br \/>\nAntoine Binette- Mercier ( steel drums, bass), Fanny Migneault-Lecavalier(voix), Yannick Parent(batterie).<\/p>\n<p>.<\/p>\n<p><strong>8 octobre 2011<\/strong>, <a href=\"http:\/\/www.lapetiteeglise.com\" target=\"_blank\">La petite \u00e9glise<\/a>, Saint-Eustache<\/p>\n<p>Avec Benoit Paradis Trio en 1re partie de Bernard Adamus<\/p>\n<p>.<\/p>\n<p><strong>7 octobre 2011<\/strong>, <a href=\"http:\/\/www.upstairsjazz.com\/\" target=\"_blank\">Upstairs Jazz bar and grill<\/a><\/p>\n<p>En trio avec <a href=\"http:\/\/sagereynolds.ca\" target=\"_blank\">Sage Reynolds<\/a>-Bass et Robbie Kuster- Drums<\/p>\n<p>.<\/p>\n<p><strong>6 octobre 2011<\/strong>, 18:00 &#8211;<a href=\"www.bilykun.com\" target=\"_blank\">Bily Kun<\/a>, Montr\u00e9al<\/p>\n<p>Duo avec Benoit Coulombe<\/p>\n<p>.<\/p>\n<p><strong>30 septembre 2011<\/strong>, 20h00- <a href=\"http:\/\/www.vieuxclocher.com\" target=\"_blank\">Vieux clocher de Magog<\/a>, Magog<\/p>\n<p>Avec Benoit Paradis Trio en 1re partie de Bernard Adamus<\/p>\n<p>.<\/p>\n<p><strong>29 septembre 2011<\/strong>, 18:00 &#8211;<a href=\"www.bilykun.com\" target=\"_blank\">Bily Kun<\/a>, Montr\u00e9al<\/p>\n<p>Duo avec Sage Reynolds<\/p>\n<p>.<\/p>\n<p><strong>27 septembre 2011<\/strong>, 21h00, Bistro de Paris<a href=\"http:\/\/http\/\/ville.montreal.qc.ca\/portal\/page?_dad=portal&amp;_pageid=95,244952&amp;_schema=PORTAL\" target=\"_blank\"><br \/>\n<\/a>Avec Jacques Rousseau (voix et compositions), \u00c9velyne Gr\u00e9goire-Rousseau (harpe), Raphael Reed (guitares, Moog),<br \/>\nAntoine Binette- Mercier ( steel drums, bass), Fanny Migneault-Lecavalier(voix), Yannick Parent(batterie).<\/p>\n<p>.<\/p>\n<p><strong>23 septembre 2011<\/strong>, 18:00 &#8211;<a href=\"www.bilykun.com\" target=\"_blank\">Bily Kun<\/a>, Montr\u00e9al<\/p>\n<p>Duo with Sage Reynolds<\/p>\n<p>.<\/p>\n<p><strong>17 septembre 2011<\/strong>&#8211;<a href=\"http:\/\/www.chasse-galerie.ca\" target=\"_blank\"> Chasse galerie<\/a>, Lavaltrie<\/p>\n<p>Avec Benoit Paradis Trio en 1re partie de Bernard Adamus<\/p>\n<p>.<\/p>\n<p><strong>16 septembre 2011<\/strong>&#8211; Pavillon Arthabaska, Victoriaville<\/p>\n<p>Avec Benoit Paradis Trio en 1re partie de Bernard Adamus<\/p>\n<p>.<\/p>\n<p><strong>13 septembre 2011<\/strong>&#8211; <a href=\"http:\/\/www.barlespassages.com\" target=\"_blank\">Pas Sages<\/a>, Montr\u00e9al<\/p>\n<p>Avec Benoit Paradis Trio<\/p>\n<p>.<\/p>\n<p><strong>1er sept 2011<\/strong>&#8211; 18:00, <a href=\"www.bilykun.com\" target=\"_blank\">Bily Kun<\/a>, Montr\u00e9al<\/p>\n<p>Duo avec Benoit Coulombe<\/p>\n<p>.<\/p>\n<p><strong>27 ao\u00fbt 2011, <\/strong>Le Rancard, Saint-Denis sur Richelieu<strong> <\/strong><\/p>\n<p>Avec Benoit Paradis Trio<\/p>\n<p>.<\/p>\n<p><strong>21 ao\u00fbt 2011<\/strong>, 20h00- <a href=\"http:\/\/www.vieuxclocher.com\" target=\"_blank\">Vieux clocher de Magog<\/a>, Magog<\/p>\n<p>Avec Benoit Paradis Trio en 1re partie de Bernard Adamus<\/p>\n<p>.<\/p>\n<p><strong>19 ao\u00fbt 2011<\/strong>&#8211;<a href=\"www.bilykun.com\" target=\"_blank\">Bily Kun<\/a>, Montr\u00e9al<\/p>\n<p>Duo avec S\u00e9bastien Pellerin<\/p>\n<p>.<\/p>\n<p><strong>11 ao\u00fbt 2011<\/strong>&#8211;<a href=\"www.bilykun.com\" target=\"_blank\">Bily Kun<\/a>, Montr\u00e9al<\/p>\n<p>Duo avec <a href=\"http:\/\/sagereynolds.ca\" target=\"_blank\">Sage Reynolds<\/a>&#8211; Contrebasse<\/p>\n<p>.<\/p>\n<p><strong>10 ao\u00fbt 2011<\/strong>, 20:30 \u2013 <a href=\"http:\/\/legainzbar.ca\" target=\"_blank\">Gainzbar<\/a>, Montr\u00e9al<\/p>\n<p>Duo avec S\u00e9bastien Pellerin- Contrebasse<\/p>\n<p><strong>.<br \/>\n<\/strong><\/p>\n<p><strong>28 juillet 2011<\/strong>&#8211;<a href=\"http:\/\/www.aubergefestive.com\" target=\"_blank\"> Sea Shack<\/a>, Saint-Anne-des-Monts<\/p>\n<p>Avec Benoit Paradis Trio<\/p>\n<p>.<\/p>\n<p><strong>27 juillet 2011<\/strong>, 20h00- Th\u00e9\u00e2tre de la Vieille-Forge, Petite vall\u00e9e<\/p>\n<p>Avec Benoit Paradis Trio<\/p>\n<p>.<\/p>\n<p><strong>26 juillet 2011<\/strong>, 20h00- <a href=\"http:\/\/www.brisebise.ca\/\" target=\"_blank\">Brise Bise<\/a>, Gasp\u00e9<\/p>\n<p>Avec Benoit Paradis Trio<\/p>\n<p>.<\/p>\n<p><strong>24 juillet 2011<\/strong>&#8211; <a href=\"http:\/\/www.lavieilleusine.qc.ca\/fr\/bistrobv.php\" target=\"_blank\">La Vieille Usine<\/a>, Anse \u00e0 Beaufils<\/p>\n<p>Avec Benoit Paradis Trio<\/p>\n<p>.<\/p>\n<p><strong>23 juillet 2011<\/strong>&#8211;<a href=\"http:\/\/www.fouduvillage.com\" target=\"_blank\"> Le fou du village<\/a>, Bonaventure<\/p>\n<p>Avec Benoit Paradis Trio<\/p>\n<p>.<\/p>\n<p><strong>21 juillet 2011<\/strong>&#8211;<a href=\"www.bilykun.com\" target=\"_blank\">Bily Kun<\/a>, Montr\u00e9al<\/p>\n<p>Duo Chantale Morin<\/p>\n<p>&nbsp;<\/p>\n<p><strong>15 juillet 2011<\/strong>, 20h00, <a href=\"http:\/\/http:\/\/ville.montreal.qc.ca\/portal\/page?_dad=portal&amp;_pageid=95,244952&amp;_schema=PORTAL\" target=\"_blank\">Maison de la culture Maisonneuve<\/a><\/p>\n<p>Avec Jacques Rousseau (voix et compositions), \u00c9velyne Gr\u00e9goire-Rousseau (harpe), Raphael Reed (guitares, Moog),<br \/>\nAntoine Binette- Mercier ( steel drums, bass), Fanny Migneault-Lecavalier(voix), Yannick Parent(batterie).<br \/>\nPlateau double avec Chartier<\/p>\n<p>&nbsp;<\/p>\n<p><strong> <\/strong><\/p>\n<p><strong>13 juillet 2011<\/strong>&#8211;<a href=\"www.bilykun.com\" target=\"_blank\">Bily Kun<\/a>, Montr\u00e9al<\/p>\n<p>Duo Chantale Morin<\/p>\n<p><strong>.<br \/>\n<\/strong><\/p>\n<p><strong>8 juillet 2011<\/strong>, 20h00- Sc\u00e8ne Desjardins, Baie-Saint-Paul<\/p>\n<p>Avec Benoit Paradis Trio<\/p>\n<p>.<\/p>\n<p><strong>7 juillet 2011<\/strong>, 20h30-<a href=\"http:\/\/www.legraffiti.ca\" target=\"_blank\"> Le Graffiti<\/a>, Port-Cartier<\/p>\n<p>Avec Benoit Paradis Trio<\/p>\n<p>.<\/p>\n<p><strong>6 juillet 2011<\/strong>, 20h00, Edgar Caf\u00e9 Bar, Sept Iles<\/p>\n<p>Avec Benoit Paradis Trio<\/p>\n<p>.<\/p>\n<p><strong>5 juillet 2011<\/strong>, 20h00, <a href=\"http:\/\/www.chanteaufete.com\/ \" target=\"_blank\">ChantEauF\u00eate<\/a> de Saint-Sim\u00e9on<\/p>\n<p>Avec Benoit Paradis Trio<\/p>\n<p>.<\/p>\n<p><strong>30 juin 2011<\/strong>&#8211;<a href=\"www.bilykun.com\" target=\"_blank\">Bily Kun<\/a>, Montr\u00e9al<\/p>\n<p>Duo Chantale Morin avec benoit Coulombe-Contrebasse<\/p>\n<p>.<\/p>\n<p><strong>11 juin 2011<\/strong>,\u00a0 19h30 &#8211; <a href=\"http:\/\/www.quatsous.com\" target=\"_blank\">Th\u00e9\u00e2tre de Quat&#8217;Sous<\/a>, Montr\u00e9al<\/p>\n<p>Choeur <a href=\"http:\/\/myspace.con\/crocmuzik\" target=\"_blank\">Crocmuzik<\/a> avec Claude Kaufmann (clar, sax), Benoit Coulombe (contrebasse), Ivan Bamford (percus)<\/p>\n<p>.<\/p>\n<p><strong>5 juin 2011<\/strong>, 20h00 -Z\u00e9nob, Trois-Rivi\u00e8res<\/p>\n<p>Avec Benoit Paradis Trio<\/p>\n<p>.<\/p>\n<p><strong>3 juin 2011<\/strong>, 18h00 &#8211; Bily Kun, Montr\u00e9al<\/p>\n<p>Duo avec Sage Reynolds- contrebasse<\/p>\n<p>.<\/p>\n<p><strong>28 mai 2011<\/strong>, 20h00- Salle Augustin Norbert Morin<\/p>\n<p>En 1re partie de Bernard Adamus avec Benoit Paradis Trio<\/p>\n<p>.<\/p>\n<p><strong> <\/strong><\/p>\n<p><strong>26 mai 2011, <\/strong>18:00 \u2013 Bily Kun, Montr\u00e9al<\/p>\n<p>Avec Sage Reynolds- Contrebasse<\/p>\n<p>.<\/p>\n<p><strong>19 mai 2011<\/strong>, 19h00- Festival Musiques en Mai, Lion d&#8217;Or<\/p>\n<p>Lancement de l&#8217;album <em>Arigato.<\/em><br \/>\nZo\u00e9 Dumais (Vln), David Carbonneau (Trp), Guillaume Bourque (Clar),<br \/>\nBenoit Paradis (Trb), Benoit Coulombe (Contreb), Robbie Kuster (Dr)<\/p>\n<p>.<\/p>\n<p><strong>6 mai 2011<\/strong>, 18:00 \u2013 Bily Kun, Montr\u00e9al<\/p>\n<p>Avec Benoit Coulombe &#8211; Contrebasse<\/p>\n<p>.<\/p>\n<p><strong>1er mai 2011<\/strong>, 17h00- Escogriffe, Montr\u00e9al<\/p>\n<p>Avec Jacques Rousseau<\/p>\n<p>.<\/p>\n<p><strong>29 avril 2011<\/strong>, 18h00- Bily Kun, Montr\u00e9al<\/p>\n<p>Avec Benoit Coulombe- Contrebasse<\/p>\n<p>.<\/p>\n<p><strong>15 avril 2011<\/strong>, 20h00- Festival de jazz de Saguenay, Caf\u00e9 Cambio<\/p>\n<p>Avec Benoit Paradis Trio<\/p>\n<p>.<\/p>\n<p><strong>14 avril 2011<\/strong>, 18h00- Bily Kun, Montr\u00e9al<\/p>\n<p>Avec Benoit Coulombe- Contrebasse<\/p>\n<p>.<\/p>\n<p><strong>27 mars 2011<\/strong>&#8211; Quai des Brumes, Montr\u00e9al<\/p>\n<p>Avec Benoit Paradis Trio<\/p>\n<p>.<\/p>\n<p><strong>25 mars 2011<\/strong>, 18h00- Bily Kun, Montr\u00e9al<\/p>\n<p>Avec Benoit Coulombe- Contrebasse<\/p>\n<p>.<\/p>\n<p><strong>20 mars 2011<\/strong>&#8211; Bar 96, Paris, France<\/p>\n<p>Avec Benoit Paradis Trio<\/p>\n<p>.<\/p>\n<p><strong>19 mars 2011<\/strong>&#8211; Limonaire, Paris, France<\/p>\n<p>Avec Benoit Paradis Trio et <a href=\"http:\/\/www.myspace.com\/loiclantoine\" target=\"_blank\">Lo\u00efc Lantoine<\/a><\/p>\n<p>.<\/p>\n<p><strong>18 mars 2011<\/strong>&#8211; Chant&#8217;Appart, Anger, France<\/p>\n<p>Avec Benoit Paradis Trio<\/p>\n<p>.<\/p>\n<p><strong>15 mars 2011<\/strong>&#8211; Salle Paul Fort, Nantes, France<\/p>\n<p>Avec Benoit Paradis Trio<\/p>\n<p>.<\/p>\n<p><strong>12 mars 2011<\/strong>&#8211; Divan Orange, Montr\u00e9al<\/p>\n<p>Festival voix d&#8217;Am\u00e9riques avec Benoit Paradis Trio et Queen K<\/p>\n<p>.<\/p>\n<p><strong>4 mars 2011<\/strong>&#8211; Maison de la culture Rosemont<\/p>\n<p>1re partie de Bernard Adamus avec Benoit Paradis Trio<\/p>\n<p>.<\/p>\n<p><strong>3 mars 2011<\/strong>, 18h00- Bily Kun, Montr\u00e9al<\/p>\n<p>Avec Benoit Coulombe- Contrebasse<\/p>\n<p>.<\/p>\n<p><strong>2 mars 2011<\/strong>, 20h00- L&#8217;Agit\u00e9, Qu\u00e9bec<\/p>\n<p>Avec Benoit Paradis Trio<\/p>\n<p>.<\/p>\n<p><strong>25 f\u00e9vrier 2011<\/strong>, 20h00- L&#8217;Anglicane, L\u00e9vis<\/p>\n<p>Avec Benoit Paradis Trio<\/p>\n<p>.<\/p>\n<p><strong>18 f\u00e9vrier 2011<\/strong>, 18h00- Bily Kun, Montr\u00e9al<\/p>\n<p>Avec Philippe Charbonneau- Contrebasse<\/p>\n<p>.<\/p>\n<p><strong>7 f\u00e9vrier 2011<\/strong>, 18h00- Th\u00e9\u00e2tre de Quat&#8217;Sous, Montr\u00e9al<\/p>\n<p>Avec Crocmuzik<\/p>\n<p>.<\/p>\n<p><strong>6 f\u00e9vrier 2011<\/strong>, 13h00- Th\u00e9\u00e2tre de Quat&#8217;Sous, Montr\u00e9al<\/p>\n<p>Avec Crocmuzik<\/p>\n<p>.<\/p>\n<p><strong>3 f\u00e9vrier 2011<\/strong>, 18h00- Bily Kun, Montr\u00e9al<\/p>\n<p>Avec Benoit Coulombe- Contrebasse<\/p>\n<p>.<\/p>\n<p><strong>21 janvier 2011<\/strong>, 18h00- Bily Kun, Montr\u00e9al<\/p>\n<p>Avec Benoit Coulombe- Contrebasse<\/p>\n<p>.<\/p>\n<p><strong>6 janvier 2011<\/strong>, 18h00- Bily Kun, Montr\u00e9al<\/p>\n<p>Avec Benoit Coulombe- Contrebasse<\/p>\n<p>&nbsp;<\/p>\n<p>&nbsp;<\/p>\n<p>&nbsp;<\/p>\n<p><a title=\"2020\" href=\"https:\/\/www.chantalemorin.com\/site\/concerts\/2020-2\/\">2020<\/a> | <a title=\"2019\" href=\"https:\/\/www.chantalemorin.com\/site\/concerts\/2019-2\/\">2019<\/a> | <a title=\"2018\" href=\"https:\/\/www.chantalemorin.com\/site\/concerts\/2018-2\/\">2018<\/a> | <a title=\"2017\" href=\"https:\/\/www.chantalemorin.com\/site\/concerts\/2017-2\/\">2017<\/a> | <a title=\"2016\" href=\"https:\/\/www.chantalemorin.com\/site\/concerts\/2016-2\/\">2016<\/a> | <a title=\"2015\" href=\"https:\/\/www.chantalemorin.com\/site\/concerts\/2015-2\/\">2015<\/a> | <a title=\"2014\" href=\"https:\/\/www.chantalemorin.com\/site\/concerts\/2014-2\/\">2014<\/a> | <a title=\"2013\" href=\"https:\/\/www.chantalemorin.com\/site\/concerts\/2013-2\/\">2013<\/a> | <a title=\"2012\" href=\"https:\/\/www.chantalemorin.com\/site\/concerts\/2012-2\/\">2012<\/a> | <a title=\"2011\" href=\"https:\/\/www.chantalemorin.com\/site\/concerts\/2011-2\/\">2011<\/a> | <a title=\"2010\" href=\"https:\/\/www.chantalemorin.com\/site\/concerts\/2010-2\/\">2010<\/a> | <a title=\"2009\" href=\"https:\/\/www.chantalemorin.com\/site\/concerts\/2009-2\/\">2009<\/a> | <a title=\"2008\" href=\"https:\/\/www.chantalemorin.com\/site\/concerts\/2008-2\/\">2008<\/a><\/p>\n","protected":false},"excerpt":{"rendered":"<p>28 octobre 2011, 20h00&#8211; Patro Vys, Montr\u00e9al 15 piece orchestra playing the music from Nightmare Before Christmas (Danny Elfman) and Gogol Suite (Alfred Schnittke) Alex Gutjahr (Musical Director), Krystal Morrison (Clarinets), Averil Parker (Alto Sax, Clarinets), Kim Desjardins (Tenor Sax, Clarinet, Flutes), Franco Proietti (Bari Sax, Accordion, Vocals), Melissa Pipe (Bassoon, Bari Sax), James Rhodes [&hellip;]<\/p>\n","protected":false},"author":1,"featured_media":0,"parent":10,"menu_order":0,"comment_status":"closed","ping_status":"closed","template":"","meta":{"footnotes":""},"class_list":["post-314","page","type-page","status-publish","hentry"],"_links":{"self":[{"href":"https:\/\/www.chantalemorin.com\/site\/wp-json\/wp\/v2\/pages\/314","targetHints":{"allow":["GET"]}}],"collection":[{"href":"https:\/\/www.chantalemorin.com\/site\/wp-json\/wp\/v2\/pages"}],"about":[{"href":"https:\/\/www.chantalemorin.com\/site\/wp-json\/wp\/v2\/types\/page"}],"author":[{"embeddable":true,"href":"https:\/\/www.chantalemorin.com\/site\/wp-json\/wp\/v2\/users\/1"}],"replies":[{"embeddable":true,"href":"https:\/\/www.chantalemorin.com\/site\/wp-json\/wp\/v2\/comments?post=314"}],"version-history":[{"count":4,"href":"https:\/\/www.chantalemorin.com\/site\/wp-json\/wp\/v2\/pages\/314\/revisions"}],"predecessor-version":[{"id":1122,"href":"https:\/\/www.chantalemorin.com\/site\/wp-json\/wp\/v2\/pages\/314\/revisions\/1122"}],"up":[{"embeddable":true,"href":"https:\/\/www.chantalemorin.com\/site\/wp-json\/wp\/v2\/pages\/10"}],"wp:attachment":[{"href":"https:\/\/www.chantalemorin.com\/site\/wp-json\/wp\/v2\/media?parent=314"}],"curies":[{"name":"wp","href":"https:\/\/api.w.org\/{rel}","templated":true}]}}