{"id":316,"date":"2012-02-02T15:37:33","date_gmt":"2012-02-02T15:37:33","guid":{"rendered":"http:\/\/www.chantalemorin.com\/site\/?page_id=316"},"modified":"2021-02-05T16:34:36","modified_gmt":"2021-02-05T16:34:36","slug":"2009-2","status":"publish","type":"page","link":"https:\/\/www.chantalemorin.com\/site\/concerts\/2009-2\/","title":{"rendered":"2009"},"content":{"rendered":"<p><strong>18 d\u00e9c. 2009<\/strong>, 18:00 \u2013 Bily Kun, Montr\u00e9al<\/p>\n<p>Duo avec Benoit Coulombe- Contrebasse<\/p>\n<p>.<\/p>\n<p><strong>10 d\u00e9c. 2009<\/strong>, 18:00 \u2013 Bily Kun, Montr\u00e9al<\/p>\n<p>Duo avec Benoit Coulombe Contrebasse<\/p>\n<p>.<\/p>\n<p><strong>04 d\u00e9c. 2009<\/strong>, 20:00 \u2013 Divan Orange, Montr\u00e9al<\/p>\n<p>Avec Ben P Trio, 1re partie de Bernard Adamus<\/p>\n<p>.<\/p>\n<p><strong>20 nov. 2009<\/strong>, 18:00 \u2013 Bily Kun, Montr\u00e9al<\/p>\n<p>Duo Morin-Coulombe<\/p>\n<p>.<\/p>\n<p><strong>28 oct. 2009<\/strong>, 21:00 \u2013 Divan Orange, Montr\u00e9al<\/p>\n<p>Avec Benoit Paradis trio et le P\u2019tit Ben en 1re partie<\/p>\n<p>.<\/p>\n<p><strong>23 oct. 2009<\/strong>, 18:00 \u2013 Bily Kun, Montr\u00e9al<\/p>\n<p>Duo avec Benoit Coulombe-Contrebasse<\/p>\n<p>.<\/p>\n<p><strong>07 oct. 2009<\/strong>, 18:00 \u2013 Bily Kun, Montr\u00e9al<\/p>\n<p>Duo avec Benoit Coulombe-Contrebasse<\/p>\n<p>.<\/p>\n<p><strong>26 sept. 2009<\/strong>, 20:00 \u2013 Fou Bar, Qu\u00e9bec<\/p>\n<p>Avec Benoit Paradis Trio<\/p>\n<p>.<\/p>\n<p><strong>18 sept. 2009,<\/strong> 20:00 \u2013 Bistro In Vivo, Montr\u00e9al<\/p>\n<p>Natasha P. Trio<\/p>\n<p>.<\/p>\n<p><strong>17 sept.<\/strong> 2009, 18:00 \u2013 Bily Kun, Montr\u00e9al<\/p>\n<p>Duo avec Benoit Coulombe-Contrebasse<\/p>\n<p>.<\/p>\n<p>12 sept. 2009, 20:00 \u2013 Parc Achille-Trahan, Yamachiche<\/p>\n<p>Avec Benoit Paradis Trio<\/p>\n<p><strong>11 sept. 2009<\/strong>, 20:00 \u2013 Brin de Vie, Saint-Adrien<\/p>\n<p>Avec Ben P trio<\/p>\n<p>.<\/p>\n<p><strong>29 ao\u00fbt 2009<\/strong>, 18:00 \u2013 Chapelle Beaulac, Chertsey<\/p>\n<p>Pianiste pour les Zalarmes et la pi\u00e8ce On purge b\u00e9b\u00e9 de Georges Feydeau, Th\u00e9\u00e2tre l\u2019Instant<\/p>\n<p>.<\/p>\n<p><strong>28 ao\u00fbt 2009<\/strong>, 20:00 \u2013 H\u00f4tel Clarendon, Qu\u00e9bec<\/p>\n<p>Avec Natasha P-voix et Josh McHan-Contrebasse<\/p>\n<p>.<\/p>\n<p><strong>26 ao\u00fbt 2009<\/strong>, 18:00 \u2013 Bily Kun, Montr\u00e9al<\/p>\n<p>Duo avec Benoit Coulombe, Contrebasse<\/p>\n<p>.<\/p>\n<p><strong>15 ao\u00fbt 2009<\/strong>, 18:15 \u2013 Festival d\u2019\u00e9t\u00e9 de Beloeil<\/p>\n<p>Avec Natasha P Trio<\/p>\n<p>.<\/p>\n<p><strong>14 ao\u00fbt 2009,<\/strong> 21:30 \u2013 Musi-Caf\u00e9, Lac M\u00e9gantic<\/p>\n<p>Natasha P trio Natasha P-voix\/ S\u00e9bastien Pellerin-Contrebasse\/ Chantale Morin-piano<\/p>\n<p>.<\/p>\n<p><strong>12 ao\u00fbt 2009<\/strong>, 18:00 \u2013 Di\u00e8se Onze, Montr\u00e9al<\/p>\n<p>Lancement Natasha P Trio Natasha P-voix\/ Fr\u00e9d\u00e9ric Alarie-contrebasse\/ Chantale Morin-Piano<\/p>\n<p>.<\/p>\n<p><strong>06 ao\u00fbt 2009<\/strong>, 18:00 \u2013 Bily Kun, Montr\u00e9al<\/p>\n<p>Duo avec Olivier H\u00e9bert, Contrebasse<\/p>\n<p>.<\/p>\n<p><strong>31 juil. 2009<\/strong>, 21:00 \u2013 Francofolies de Montr\u00e9al, Montr\u00e9al<\/p>\n<p>Ben P Trio<\/p>\n<p>.<\/p>\n<p><strong>23 juil. 2009<\/strong>, 18:00 \u2013 Bily Kun, Montr\u00e9al<\/p>\n<p>Duo CM<\/p>\n<p>.<\/p>\n<p><strong>21 juil. 2009<\/strong>, 21:00 \u2013 Passages, Montr\u00e9al<\/p>\n<p>Benoit Paradis Trio<\/p>\n<p>.<\/p>\n<p><strong>18 juil. 2009<\/strong>, 20:00 \u2013 Z\u00e9nob, Trois-Rivi\u00e8res<\/p>\n<p>Avec Benoit Paradis trio<\/p>\n<p>.<\/p>\n<p><strong>17 juil. 2009<\/strong>, 18:00 \u2013 Bily Kun, Montr\u00e9al<\/p>\n<p>Duo CM<\/p>\n<p>.<\/p>\n<p><strong>30 juin 2009<\/strong>, 21:00 \u2013 Passages, Montreal<\/p>\n<p>Avec Benoit Paradis trio<\/p>\n<p>.<\/p>\n<p><strong>26-27 juin 2009<\/strong>, 20:00 \u2013 Chapelle Beaulac, Chertsey<\/p>\n<p>Pianiste pour la pi\u00e8ce On purge b\u00e9b\u00e9 de Georges Feydeau, Th\u00e9\u00e2tre l\u2019Instant<\/p>\n<p>.<\/p>\n<p><strong>25 juin 2009<\/strong>, 18:00 \u2013 Bily Kun, Montreal<\/p>\n<p>Duo Chantale Morin, piano\/ Benoit Coulombe, Contrebasse<\/p>\n<p>.<\/p>\n<p><strong>11 juin 2009<\/strong>, 21:00 \u2013 Inspecteur \u00c9pingle, Montr\u00e9al<\/p>\n<p>Avec Ben P Trio<\/p>\n<p>.<\/p>\n<p><strong>10 juin 2009,<\/strong> 18:00 \u2013 Bily Kun, Montreal<\/p>\n<p>Duo Chantale Morin, Piano\/Benoit Coulombe, Contrebasse<\/p>\n<p>.<\/p>\n<p><strong>21 mai 2009<\/strong>, 14:30 \u2013 Les d\u00e9couvertes du Festival Alors\u2026Chante, Montauban, Midi-Pyr\u00e9n\u00e9es, France,<\/p>\n<p>Avec Ben Paradis Trio Festival du 19 au 24 mai 2009<\/p>\n<p>.<\/p>\n<p><strong>13 mai 2009<\/strong>, 20:00 \u2013 Pas Sages, Montr\u00e9al<\/p>\n<p>Avec Ben P trio<\/p>\n<p>.<\/p>\n<p><strong>07 mai 2009<\/strong>, 17:00 \u2013 Lancement de l\u2019album L\u00e2che-pas la patate au Lion d\u2019Or, Montr\u00e9al<\/p>\n<p>Benoit Paradis Trio 5 \u00e0 7<\/p>\n<p>.<\/p>\n<p><strong>06 mai 2009<\/strong>, 18:00 \u2013 Bily Kun, Montr\u00e9al<\/p>\n<p>Duo avec Olivier H\u00e9bert-Contrebasse<\/p>\n<p>.<\/p>\n<p><strong>09 avr. 2009, <\/strong>18:00 \u2013 Exposition Spect-Arc\/ Foyer Marie G\u00e9rin Lajoie-UQA.<\/p>\n<p>Piano Solo<\/p>\n<p>.<\/p>\n<p><strong>15 mars 2009<\/strong>, 20:30 \u2013 Caf\u00e9 Sarajevo, Montr\u00e9al<\/p>\n<p>Quartette Chantale Morin avec Olivier H\u00e9bert-Contrebasse, David Carbonneau Trompette, Benoit Paradis-Trombone<\/p>\n<p>.<\/p>\n<p><strong>14 mars 2009<\/strong>, 18:00 \u2013 Show de la rel\u00e8ve TADAM, Beloeil<\/p>\n<p>Avec Natasha P Trio<\/p>\n<p>.<\/p>\n<p><strong>11 f\u00e9vr. 2009<\/strong>, 20:00 \u2013 Divan Orange, Montr\u00e9al<\/p>\n<p>Avec Benoit Paradis trio, 1re partie de Urbain Desbois<\/p>\n<p>.<\/p>\n<p><strong>29 janv. 2009<\/strong>, 20:00 \u2013 Lancement de disque Manorbier, Divan Orange, Montr\u00e9al<\/p>\n<p>Avec: Benoit Paradis-trombone, David Carbonneau-trompette, Olivier H\u00e9bert-Contrebasse, Chantale Morin, piano\/compo<\/p>\n<p>Et aussi Ferriswheel et J\u2019envoie<\/p>\n<p>&nbsp;<\/p>\n<p>&nbsp;<\/p>\n<p>&nbsp;<\/p>\n<p><a title=\"2020\" href=\"https:\/\/www.chantalemorin.com\/site\/concerts\/2020-2\/\">2020<\/a> | <a title=\"2019\" href=\"https:\/\/www.chantalemorin.com\/site\/concerts\/2019-2\/\">2019<\/a> | <a title=\"2018\" href=\"https:\/\/www.chantalemorin.com\/site\/concerts\/2018-2\/\">2018<\/a> | <a title=\"2017\" href=\"https:\/\/www.chantalemorin.com\/site\/concerts\/2017-2\/\">2017<\/a> | <a title=\"2016\" href=\"https:\/\/www.chantalemorin.com\/site\/concerts\/2016-2\/\">2016<\/a> | <a title=\"2015\" href=\"https:\/\/www.chantalemorin.com\/site\/concerts\/2015-2\/\">2015<\/a> | <a title=\"2014\" href=\"https:\/\/www.chantalemorin.com\/site\/concerts\/2014-2\/\">2014<\/a> | <a title=\"2013\" href=\"https:\/\/www.chantalemorin.com\/site\/concerts\/2013-2\/\">2013<\/a> | <a title=\"2012\" href=\"https:\/\/www.chantalemorin.com\/site\/concerts\/2012-2\/\">2012<\/a> | <a title=\"2011\" href=\"https:\/\/www.chantalemorin.com\/site\/concerts\/2011-2\/\">2011<\/a> | <a title=\"2010\" href=\"https:\/\/www.chantalemorin.com\/site\/concerts\/2010-2\/\">2010<\/a> | <a title=\"2009\" href=\"https:\/\/www.chantalemorin.com\/site\/concerts\/2009-2\/\">2009<\/a> | <a title=\"2008\" href=\"https:\/\/www.chantalemorin.com\/site\/concerts\/2008-2\/\">2008<\/a><\/p>\n","protected":false},"excerpt":{"rendered":"<p>18 d\u00e9c. 2009, 18:00 \u2013 Bily Kun, Montr\u00e9al Duo avec Benoit Coulombe- Contrebasse . 10 d\u00e9c. 2009, 18:00 \u2013 Bily Kun, Montr\u00e9al Duo avec Benoit Coulombe Contrebasse . 04 d\u00e9c. 2009, 20:00 \u2013 Divan Orange, Montr\u00e9al Avec Ben P Trio, 1re partie de Bernard Adamus . 20 nov. 2009, 18:00 \u2013 Bily Kun, Montr\u00e9al Duo [&hellip;]<\/p>\n","protected":false},"author":1,"featured_media":0,"parent":10,"menu_order":0,"comment_status":"closed","ping_status":"closed","template":"","meta":{"footnotes":""},"class_list":["post-316","page","type-page","status-publish","hentry"],"_links":{"self":[{"href":"https:\/\/www.chantalemorin.com\/site\/wp-json\/wp\/v2\/pages\/316","targetHints":{"allow":["GET"]}}],"collection":[{"href":"https:\/\/www.chantalemorin.com\/site\/wp-json\/wp\/v2\/pages"}],"about":[{"href":"https:\/\/www.chantalemorin.com\/site\/wp-json\/wp\/v2\/types\/page"}],"author":[{"embeddable":true,"href":"https:\/\/www.chantalemorin.com\/site\/wp-json\/wp\/v2\/users\/1"}],"replies":[{"embeddable":true,"href":"https:\/\/www.chantalemorin.com\/site\/wp-json\/wp\/v2\/comments?post=316"}],"version-history":[{"count":6,"href":"https:\/\/www.chantalemorin.com\/site\/wp-json\/wp\/v2\/pages\/316\/revisions"}],"predecessor-version":[{"id":1120,"href":"https:\/\/www.chantalemorin.com\/site\/wp-json\/wp\/v2\/pages\/316\/revisions\/1120"}],"up":[{"embeddable":true,"href":"https:\/\/www.chantalemorin.com\/site\/wp-json\/wp\/v2\/pages\/10"}],"wp:attachment":[{"href":"https:\/\/www.chantalemorin.com\/site\/wp-json\/wp\/v2\/media?parent=316"}],"curies":[{"name":"wp","href":"https:\/\/api.w.org\/{rel}","templated":true}]}}