{"id":626,"date":"2014-09-05T14:57:22","date_gmt":"2014-09-05T14:57:22","guid":{"rendered":"http:\/\/www.chantalemorin.com\/site\/?page_id=626"},"modified":"2021-02-05T16:35:07","modified_gmt":"2021-02-05T16:35:07","slug":"2012-2","status":"publish","type":"page","link":"https:\/\/www.chantalemorin.com\/site\/concerts\/2012-2\/","title":{"rendered":"2012"},"content":{"rendered":"<p><strong>21 d\u00e9cembre 2012<\/strong>, 18:00 &#8211;<a href=\"www.bilykun.com\" target=\"_blank\">Bily Kun<\/a>, Montr\u00e9al<\/p>\n<p>Duo avec Benoit Coulombe, Contrebasse<\/p>\n<p>.<\/p>\n<p>&nbsp;<\/p>\n<p><strong>14 d\u00e9cembre 2012<\/strong>, 18:00 &#8211;<a href=\"www.bilykun.com\" target=\"_blank\">Bily Kun<\/a>, Montr\u00e9al<\/p>\n<p>Duo avec Benoit Coulombe, Contrebasse<\/p>\n<p>.<\/p>\n<p><strong>8 d\u00e9cembre 2012<\/strong>, 20:00- Montmagny<\/p>\n<p>Premi\u00e8re partie de <a href=\"http:\/\/bernardadamus.bandcamp.com\/\" target=\"_blank\">Bernard Adamus<\/a> avec Benoit Paradis Trio<\/p>\n<p>.<\/p>\n<p><strong>6 d\u00e9cembre 2012<\/strong>&#8211;<a href=\"http:\/\/limonaire.free.fr\/\" target=\"_blank\"> Le Limonaire<\/a>, Paris, France<\/p>\n<p>Avec Benoit Paradis Trio<\/p>\n<p>.<\/p>\n<p><strong>5 d\u00e9cembre 2012<\/strong>-Bar 96, Paris, France<\/p>\n<p>Avec Benoit Paradis Trio<\/p>\n<p>.<\/p>\n<p><strong>1er d\u00e9cembre 2012<\/strong>, 20:00-Festival Only French, <a href=\"http:\/\/www.laboule-noire.fr\/\" target=\"_blank\">La Boule Noire<\/a>, Paris, France<\/p>\n<p>Avec Benoit Paradis Trio<\/p>\n<p>.<\/p>\n<p><strong>27 novembre 2012<\/strong>, 21:00-Les Pas Sages, Montr\u00e9al<\/p>\n<p>Avec Benoit Paradis Trio<\/p>\n<p>.<\/p>\n<p><strong>24 novembre 2012, 20h00<\/strong>&#8211; Le Paradis, Rimouski<\/p>\n<p>Avec Benoit Paradis Trio<\/p>\n<p>.<\/p>\n<p><strong>23 novembre 2012, 20h00<\/strong>&#8211; Salle de spectacle r\u00e9gionale Desjardins, New-Richmond<\/p>\n<p>Avec Benoit Paradis Trio<\/p>\n<p>.<\/p>\n<p><strong>16 novembre 2012, 20h00<\/strong>&#8211; <a href=\"http:\/\/www.roseq.qc.ca\/public\/ville\/ville.php?id=1080\">Caf\u00e9 de l&#8217;\u00e9chouerie<\/a>, Natashquan<\/p>\n<p>Avec Benoit Paradis Trio<\/p>\n<p>.<\/p>\n<p><strong>15 novembre 2012, 20h00<\/strong>&#8211; Edgar Caf\u00e9, Sept \u00celes<\/p>\n<p>Avec Benoit Paradis Trio<\/p>\n<p>.<\/p>\n<p><strong>1er novembre 2012<\/strong>, 18:00 &#8211;<a href=\"www.bilykun.com\" target=\"_blank\">Bily Kun<\/a>, Montr\u00e9al<\/p>\n<p>Duo avec Benoit Coulombe, Contrebasse<\/p>\n<p>.<\/p>\n<p><strong>28 octobre 2012, 14h00<\/strong>&#8211; Westmount Park United Church, Montr\u00e9al<\/p>\n<p>15 piece orchestra playing the music from Nightmare Before Christmas (Danny Elfman)<\/p>\n<p>*In english<\/p>\n<p>.<\/p>\n<p><strong>27 octobre 2012, 20h00<\/strong>&#8211; <a href=\"http:\/\/\/www.bilykun.com\">Patro Vys<\/a>, Montr\u00e9al<\/p>\n<p>15 piece orchestra playing the music from Nightmare Before Christmas (Danny Elfman)<\/p>\n<p>*In english<\/p>\n<p>.<\/p>\n<p><strong>26 octobre 2012, 20h00<\/strong>&#8211; <a href=\"http:\/\/\/www.bilykun.com\">Patro Vys<\/a>, Montr\u00e9al<\/p>\n<p>15 piece orchestra playing the music from Nightmare Before Christmas (Danny Elfman)<\/p>\n<p>*Concert en fran\u00e7ais<\/p>\n<p>.<\/p>\n<p><strong>25 octobre 2012<\/strong>, 20:00- Centre Culturel, Drummondville<\/p>\n<p>Premi\u00e8re partie de <a href=\"http:\/\/bernardadamus.bandcamp.com\/\" target=\"_blank\">Bernard Adamus<\/a> avec Benoit Paradis Trio<\/p>\n<p>.<\/p>\n<p><strong>20 octobre 2012<\/strong>, 20:00- <a href=\"http:\/\/http:\/\/www.theatregranada.com\/\" target=\"_blank\">Th\u00e9\u00e2tre Granada,<\/a> Sherbrooke<\/p>\n<p>Premi\u00e8re partie de <a href=\"http:\/\/bernardadamus.bandcamp.com\/\" target=\"_blank\">Bernard Adamus<\/a> avec Benoit Paradis Trio<\/p>\n<p>.<\/p>\n<p><strong>19 octobre 2012<\/strong>, 18:00 &#8211;<a href=\"www.bilykun.com\" target=\"_blank\">Bily Kun<\/a>, Montr\u00e9al<\/p>\n<p>Duo avec Benoit Coulombe, Contrebasse<\/p>\n<p>.<\/p>\n<p><strong>13 octobre 2012<\/strong>, 20:00- <a href=\"http:\/\/www.ovation.qc.ca\/gatineau\/Default.asp?ListeId=Liste000001&amp;Lang=FR&amp;Page=2\">La Basoche,<\/a> Gatineau<\/p>\n<p>Benoit Paradis Trio et Lisa Leblanc<\/p>\n<p>.<\/p>\n<p><strong>11 octobre 2012<\/strong>, 20:00- <a href=\"http:\/\/www.enspectacle.ca\/\" target=\"_blank\">Salle Ana\u00efs Allard Rousseau<\/a>, Trois Rivi\u00e8res<\/p>\n<p>Avec Benoit Paradis Trio et Bernard Adamus<\/p>\n<p>.<\/p>\n<p><strong>4 octobre <\/strong><strong> 2012<\/strong>, 18:00 &#8211;<a href=\"www.bilykun.com\" target=\"_blank\">Bily Kun<\/a>, Montr\u00e9al<\/p>\n<p>Duo avec Fr\u00e9d\u00e9ric Pauze-contrebasse<\/p>\n<p>.<\/p>\n<p><strong>29\u00a0 septembre 2012<\/strong>, 20:00- <a href=\"http:\/\/www.theatrepetitchamplain.com\/\" target=\"_blank\">Th\u00e9\u00e2tre Petit Champlain,<\/a> Qu\u00e9bec<\/p>\n<p>Premi\u00e8re partie de <a href=\"http:\/\/bernardadamus.bandcamp.com\/\" target=\"_blank\">Bernard Adamus<\/a> avec <a href=\"http:\/\/www.myspace.com\/benoitparadistrio\" target=\"_blank\">Benoit Paradis Trio<\/a><\/p>\n<p>.<\/p>\n<p><strong>28\u00a0 septembre 2012<\/strong>, 20:00- <a href=\"http:\/\/www.theatrepetitchamplain.com\/\" target=\"_blank\">Th\u00e9\u00e2tre Petit Champlain,<\/a> Qu\u00e9bec<\/p>\n<p>Premi\u00e8re partie de <a href=\"http:\/\/bernardadamus.bandcamp.com\/\" target=\"_blank\">Bernard Adamus<\/a> avec <a href=\"http:\/\/www.myspace.com\/benoitparadistrio\" target=\"_blank\">Benoit Paradis Trio<\/a><\/p>\n<p>.<\/p>\n<p><strong>21 septembre 2012<\/strong>, 18:00 &#8211;<a href=\"www.bilykun.com\" target=\"_blank\">Bily Kun<\/a>, Montr\u00e9al<\/p>\n<p>Duo avec S\u00e9bastien Pellerin-contrebasse<\/p>\n<p><strong>.<br \/>\n<\/strong><\/p>\n<p><strong>18 septembre 2012<\/strong>, 19:00 <a href=\"http:\/\/www.houseofjazz.ca\/\" target=\"_blank\">-House of Jazz<\/a>, Montr\u00e9al<\/p>\n<p>Trio avec John Beaudine- Voix\/ Sax et S\u00e9bastien Pellerin-Contrebasse<\/p>\n<p>.<\/p>\n<p><strong>13 septembre 2012<\/strong>, 18:00 &#8211;<a href=\"www.bilykun.com\" target=\"_blank\">Bily Kun<\/a>, Montr\u00e9al<\/p>\n<p>Duo avec Sage Reynolds<\/p>\n<p>.<\/p>\n<p><strong>7 septembre 2012<\/strong>, 18:00 &#8211;<a href=\"www.bilykun.com\" target=\"_blank\">Bily Kun<\/a>, Montr\u00e9al<\/p>\n<p>Duo avec Sage Reynolds<\/p>\n<p>.<\/p>\n<p><strong>1er septembre 2012<\/strong>, 20:00- <a href=\"http:\/\/www.auvieuxtreuil.ca\/\" target=\"_blank\">Au Vieux Treuil,<\/a> Havre-Aubert<\/p>\n<p>Avec <a href=\"http:\/\/www.myspace.com\/benoitparadistrio\" target=\"_blank\">Benoit Paradis Trio<\/a><\/p>\n<h3>.<\/h3>\n<p><strong>24 ao\u00fbt 2012<\/strong>, 20:00- <a href=\"http:\/\/www.vieuxtheatre.org\/Bienvenue.html\" target=\"_blank\">Le Vieux Th\u00e9\u00e2tre<\/a>, Saint-Fabien<\/p>\n<p>Avec <a href=\"http:\/\/www.myspace.com\/benoitparadistrio\" target=\"_blank\">Benoit Paradis Trio<\/a><\/p>\n<p>.<\/p>\n<p><strong>23 ao\u00fbt 2012<\/strong>, 20:00- Salle Jean Cossette, Amqui<\/p>\n<p>Avec <a href=\"http:\/\/www.myspace.com\/benoitparadistrio\" target=\"_blank\">Benoit Paradis Trio<\/a><\/p>\n<p>.<\/p>\n<p><strong>22 ao\u00fbt 2012<\/strong>, 20:00- <a href=\"http:\/\/www.villageenchanson.com\/festival\/apropos\" target=\"_blank\">Th\u00e9\u00e2tre de la Vieille Forge<\/a>, Petite-Vall\u00e9e<\/p>\n<p>Avec <a href=\"http:\/\/www.myspace.com\/benoitparadistrio\" target=\"_blank\">Benoit Paradis Trio<\/a><\/p>\n<p>.<\/p>\n<p><strong>19 ao\u00fbt 2012<\/strong>, 20:00- <a href=\"https:\/\/www.facebook.com\/notes\/%C3%AEle-du-repos\/programmation\/10150912694993124\" target=\"_blank\">Auberge \u00cele du Repos<\/a>, P\u00e9ribonka<\/p>\n<p>Avec <a href=\"http:\/\/www.myspace.com\/benoitparadistrio\" target=\"_blank\">Benoit Paradis Trio<\/a><\/p>\n<p>.<\/p>\n<p><strong>17 ao\u00fbt 2012<\/strong>, 18:00 &#8211;<a href=\"www.bilykun.com\" target=\"_blank\">Bily Kun<\/a>, Montr\u00e9al<\/p>\n<p>Duo avec Antoine Ferron, contrebasse<\/p>\n<p><strong>.<br \/>\n<\/strong><\/p>\n<p><strong>14 ao\u00fbt 2012<\/strong>, 20:00-<a href=\"http:\/\/www.palacedegranby.com\/billet\/spectacle\/spectacles\/spectacles.aspx\">Palace,<\/a> Granby<\/p>\n<p>Avec Jacques Rousseau (voix et compositions), \u00c9velyne Gr\u00e9goire-Rousseau (harpe), Raphael Reed (guitares, Moog),<br \/>\nAntoine Binette- Mercier ( steel drums, bass), Fanny Migneault-Lecavalier(voix), Yannick Parent(batterie).<\/p>\n<p><strong>.<br \/>\n<\/strong><\/p>\n<p><strong>10 ao\u00fbt 2012, 20:00- <\/strong><a href=\"http:\/\/murmitoyen.com\/139456\" target=\"_blank\">Parc Marcelle-Barthe<\/a>, Montr\u00e9al<\/p>\n<p>Avec Benoit Paradis Trio<strong><br \/>\n<\/strong><\/p>\n<p>.<\/p>\n<p><strong>2 ao\u00fbt 2012<\/strong>, 18:00 &#8211;<a href=\"www.bilykun.com\" target=\"_blank\">Bily Kun<\/a>, Montr\u00e9al<\/p>\n<p>Duo avec Mathieu Royer, Contrebasse<\/p>\n<p>.<\/p>\n<p><strong>27 juillet 2012<\/strong>, 18:00 &#8211;<a href=\"www.bilykun.com\" target=\"_blank\">Bily Kun<\/a>, Montr\u00e9al<\/p>\n<p>Duo avec Benoit Coulombe, Contrebasse<\/p>\n<p>.<\/p>\n<p><strong>19 juillet 2012<\/strong>, 22:30-Zoofest, Cabaret Cl\u00e9op\u00e2tre, Montr\u00e9al<\/p>\n<p>Avec Jacques Rousseau (voix et compositions), \u00c9velyne Gr\u00e9goire-Rousseau (harpe), Raphael Reed (guitares, Moog),<br \/>\nAntoine Binette- Mercier ( steel drums, bass), Fanny Migneault-Lecavalier(voix), Meggie Proulx (voix), Yannick Parent(batterie).<\/p>\n<p>.<\/p>\n<p><strong>18 juillet 2012<\/strong>, 22:30-Zoofest, Cabaret Cl\u00e9op\u00e2tre, Montr\u00e9al<\/p>\n<p>Avec Jacques Rousseau (voix et compositions), \u00c9velyne Gr\u00e9goire-Rousseau (harpe), Raphael Reed (guitares, Moog),<br \/>\nAntoine Binette- Mercier ( steel drums, bass), Fanny Migneault-Lecavalier(voix), Meggie Proulx (voix),Yannick Parent(batterie).<\/p>\n<p>.<\/p>\n<p><strong>17 juillet 2012<\/strong>, 22:30- Zoofest, Cabaret Cl\u00e9op\u00e2tre, Montr\u00e9al<\/p>\n<p>Avec Jacques Rousseau (voix et compositions), \u00c9velyne Gr\u00e9goire-Rousseau (harpe), Raphael Reed (guitares, Moog),<br \/>\nAntoine Binette- Mercier ( steel drums, bass), Fanny Migneault-Lecavalier(voix), Meggie Proulx (voix),Yannick Parent(batterie).<\/p>\n<p>.<\/p>\n<p><strong>17 juillet 2012<\/strong>, 18:00 &#8211;<a href=\"www.bilykun.com\" target=\"_blank\">Bily Kun<\/a>, Montr\u00e9al<\/p>\n<p>Duo avec S\u00e9bastien Pellerin, Contrebasse<\/p>\n<p>.<\/p>\n<p><strong>12 juillet 2012<\/strong>, 18:00 &#8211;<a href=\"www.bilykun.com\" target=\"_blank\">Bily Kun<\/a>, Montr\u00e9al<\/p>\n<p>Duo avec Sage Reynolds, Contrebasse<\/p>\n<p>.<\/p>\n<p><strong>28 juin 2012<\/strong>, 18:00 &#8211;<a href=\"www.bilykun.com\" target=\"_blank\">Bily Kun<\/a>, Montr\u00e9al<\/p>\n<p>Duo avec Benoit Coulombe, Contrebasse<\/p>\n<p>.<\/p>\n<p><strong>25 juin 2012<\/strong>, 18:00 -Les Pas Sages, Montr\u00e9al<\/p>\n<p>Avec Benoit Paradis Trio<\/p>\n<p>.<\/p>\n<p><strong>15 juin 2012<\/strong>, 18:00 &#8211;<a href=\"www.bilykun.com\" target=\"_blank\">Bily Kun<\/a>, Montr\u00e9al<\/p>\n<p>Duo avec Benoit Coulombe, Contrebasse<\/p>\n<p>.<\/p>\n<p><strong>9 juin 2012<\/strong>, Th\u00e9\u00e2tre de Quat&#8217;Sous<\/p>\n<p>Avec choeur Crocmuzik\u00a0 (Ivan Bramford- Percussions, Benoit Coulombe- Contrebasse, Claude Kauffmann- Saxophone et Clarinette, Nathaly Pasieczny- Chef de choeur)<\/p>\n<p>.<\/p>\n<p><strong>3 juin 2012<\/strong>, Maison de la culture de Pointe-aux-Trembles<\/p>\n<p>Avec Jacques Rousseau (voix et compositions), \u00c9velyne Gr\u00e9goire-Rousseau (harpe), Raphael Reed (guitares, Moog),<br \/>\nAntoine Binette- Mercier ( steel drums, bass), Fanny Migneault-Lecavalier(voix), Yannick Parent(batterie).<\/p>\n<p>.<\/p>\n<p><strong>31 mai 2012<\/strong>, 18:00 &#8211;<a href=\"www.bilykun.com\" target=\"_blank\">Bily Kun<\/a>, Montr\u00e9al<\/p>\n<p>Duo avec Sage Reynolds, Contrebasse<\/p>\n<p>.<\/p>\n<p><strong>27 mai 2012<\/strong>, 19:00, Sala Rossa<\/p>\n<p>\u00c9cole de chant Sonia Loyer<\/p>\n<p>.<\/p>\n<p><strong>9 mai 2012<\/strong>, 18:00 &#8211;<a href=\"www.bilykun.com\" target=\"_blank\">Bily Kun<\/a>, Montr\u00e9al<\/p>\n<p>Duo avec Sage Reynolds, Contrebasse<\/p>\n<p>.<\/p>\n<p><strong>27 avril 2012<\/strong>, Quai des Brumes<\/p>\n<p>Avec Jacques Rousseau (voix et compositions), \u00c9velyne Gr\u00e9goire-Rousseau (harpe), Raphael Reed (guitares, Moog),<br \/>\nAntoine Binette- Mercier ( steel drums, bass), Fanny Migneault-Lecavalier(voix), Yannick Parent(batterie).<\/p>\n<p>.<\/p>\n<p><strong>20 avril 2012<\/strong>, La <a href=\"http:\/\/www.villestoneham.com\/fr\/afficher.aspx?page=318&amp;langue=fr\" target=\"_blank\">Grange du presbyt\u00e8re<\/a>, Stoneham<\/p>\n<p>Avec Benoit Paradis Trio<\/p>\n<p>.<\/p>\n<p><strong>18 avril 2012<\/strong>, 18:00 &#8211;<a href=\"www.bilykun.com\" target=\"_blank\">Bily Kun<\/a>, Montr\u00e9al<\/p>\n<p>Duo avec Benoit Coulombe, Contrebasse<\/p>\n<p>.<\/p>\n<p><strong>14 avril 2012<\/strong>, Bar Populaire, Montr\u00e9al<\/p>\n<p>Avec Benoit Paradis Trio<\/p>\n<p>.<\/p>\n<p><strong>12 avril 2012<\/strong>, Les Bobards<\/p>\n<p>Avec Jacques Rousseau (voix et compositions), \u00c9velyne Gr\u00e9goire-Rousseau (harpe), Raphael Reed (guitares, Moog),<br \/>\nAntoine Binette- Mercier ( steel drums, bass), Fanny Migneault-Lecavalier(voix), Yannick Parent(batterie).<\/p>\n<p>.<\/p>\n<p><strong>5 avril 2012<\/strong>, 18:00 &#8211;<a href=\"www.bilykun.com\" target=\"_blank\">Bily Kun<\/a>, Montr\u00e9al<\/p>\n<p>Duo avec Sage Reynolds, Contrebasse<\/p>\n<p>.<\/p>\n<p><strong>29 mars 2012<\/strong>, 18:00 &#8211;<a href=\"www.bilykun.com\" target=\"_blank\">Bily Kun<\/a>, Montr\u00e9al<\/p>\n<p>Duo avec Benoit Coulombe, Contrebasse<\/p>\n<p>.<\/p>\n<p><strong>25 mars 2012, 10h00<\/strong>&#8211;<a href=\"http:\/\/www.lapetiteeglise.com\/default_059.htm\" target=\"_blank\">Petite \u00c9glise de St-Eustache<\/a><\/p>\n<p>Avec Benoit Paradis Trio<\/p>\n<p>.<\/p>\n<p><strong>23 mars 2012<\/strong>, Studio Th\u00e9\u00e2tre de la Place Des Arts<\/p>\n<p>Avec Benoit Paradis Trio<\/p>\n<p>.<\/p>\n<p><strong>15 mars 2012<\/strong>, 12:45,\u00a0 Hotel Vegas, Austin (USA)<\/p>\n<p>SXSW- Brooklin Vegan avec Thus:Owls<br \/>\n(Erika Angell: Vocals, Simon Angell : Guitars, Martin H\u00f6per : Bass, Robbie Kuster: Drums)<\/p>\n<p>.<\/p>\n<p><strong>14 mars 2012<\/strong>, 20:30, The Spill, Austin (USA)<\/p>\n<p>SXSW- M for Montreal avec Thus:Owls<br \/>\n(Erika Angell: Vocals, Simon Angell : Guitars, Martin H\u00f6per : Bass, Robbie Kuster: Drums)<\/p>\n<p>.<\/p>\n<p><strong>9 mars 2012<\/strong>, Centre d&#8217;essai de l&#8217;Universit\u00e9 de Montr\u00e9al<\/p>\n<p>Avec Benoit Paradis Trio<\/p>\n<p><strong>.<br \/>\n<\/strong><\/p>\n<p><strong>2 mars 2012<\/strong>, 18:00 &#8211;<a href=\"www.bilykun.com\" target=\"_blank\">Bily Kun<\/a>, Montr\u00e9al<\/p>\n<p>Duo avec Benoit Coulombe, Contrebasse<\/p>\n<p>.<\/p>\n<p><strong>14 f\u00e9vrier 2012<\/strong>, 12h00- C\u00e9gep du Vieux Montr\u00e9al<\/p>\n<p>Avec Benoit Paradis Trio<\/p>\n<p>.<\/p>\n<p><strong>13 f\u00e9vrier 2012<\/strong>,\u00a0 18h30 &#8211; <a href=\"http:\/\/www.quatsous.com\" target=\"_blank\">Th\u00e9\u00e2tre de Quat&#8217;Sous<\/a>, Montr\u00e9al<\/p>\n<p>Choeur <a href=\"http:\/\/myspace.con\/crocmuzik\" target=\"_blank\">Crocmuzik<\/a> avec Claude Kaufmann (clar, sax), Benoit Coulombe (contrebasse), Ivan Bamford (percus)<\/p>\n<p>.<\/p>\n<p><strong>12 f\u00e9vrier 2012<\/strong>,\u00a0 15h00 &#8211; <a href=\"http:\/\/www.quatsous.com\" target=\"_blank\">Th\u00e9\u00e2tre de Quat&#8217;Sous<\/a>, Montr\u00e9al<\/p>\n<p>Choeur <a href=\"http:\/\/myspace.con\/crocmuzik\" target=\"_blank\">Crocmuzik<\/a> avec Claude Kaufmann (clar, sax), Benoit Coulombe (contrebasse), Ivan Bamford (percus)<\/p>\n<p>&nbsp;<\/p>\n<p>&nbsp;<\/p>\n<p>&nbsp;<\/p>\n<p><a title=\"2020\" href=\"https:\/\/www.chantalemorin.com\/site\/concerts\/2020-2\/\">2020<\/a> | <a title=\"2019\" href=\"https:\/\/www.chantalemorin.com\/site\/concerts\/2019-2\/\">2019<\/a> | <a title=\"2018\" href=\"https:\/\/www.chantalemorin.com\/site\/concerts\/2018-2\/\">2018<\/a> | <a title=\"2017\" href=\"https:\/\/www.chantalemorin.com\/site\/concerts\/2017-2\/\">2017<\/a> | <a title=\"2016\" href=\"https:\/\/www.chantalemorin.com\/site\/concerts\/2016-2\/\">2016<\/a> | <a title=\"2015\" href=\"https:\/\/www.chantalemorin.com\/site\/concerts\/2015-2\/\">2015<\/a> | <a title=\"2014\" href=\"https:\/\/www.chantalemorin.com\/site\/concerts\/2014-2\/\">2014<\/a> | <a title=\"2013\" href=\"https:\/\/www.chantalemorin.com\/site\/concerts\/2013-2\/\">2013<\/a> | <a title=\"2012\" href=\"https:\/\/www.chantalemorin.com\/site\/concerts\/2012-2\/\">2012<\/a> | <a title=\"2011\" href=\"https:\/\/www.chantalemorin.com\/site\/concerts\/2011-2\/\">2011<\/a> | <a title=\"2010\" href=\"https:\/\/www.chantalemorin.com\/site\/concerts\/2010-2\/\">2010<\/a> | <a title=\"2009\" href=\"https:\/\/www.chantalemorin.com\/site\/concerts\/2009-2\/\">2009<\/a> | <a title=\"2008\" href=\"https:\/\/www.chantalemorin.com\/site\/concerts\/2008-2\/\">2008<\/a><\/p>\n","protected":false},"excerpt":{"rendered":"<p>21 d\u00e9cembre 2012, 18:00 &#8211;Bily Kun, Montr\u00e9al Duo avec Benoit Coulombe, Contrebasse . &nbsp; 14 d\u00e9cembre 2012, 18:00 &#8211;Bily Kun, Montr\u00e9al Duo avec Benoit Coulombe, Contrebasse . 8 d\u00e9cembre 2012, 20:00- Montmagny Premi\u00e8re partie de Bernard Adamus avec Benoit Paradis Trio . 6 d\u00e9cembre 2012&#8211; Le Limonaire, Paris, France Avec Benoit Paradis Trio . 5 [&hellip;]<\/p>\n","protected":false},"author":1,"featured_media":0,"parent":10,"menu_order":0,"comment_status":"closed","ping_status":"closed","template":"","meta":{"footnotes":""},"class_list":["post-626","page","type-page","status-publish","hentry"],"_links":{"self":[{"href":"https:\/\/www.chantalemorin.com\/site\/wp-json\/wp\/v2\/pages\/626","targetHints":{"allow":["GET"]}}],"collection":[{"href":"https:\/\/www.chantalemorin.com\/site\/wp-json\/wp\/v2\/pages"}],"about":[{"href":"https:\/\/www.chantalemorin.com\/site\/wp-json\/wp\/v2\/types\/page"}],"author":[{"embeddable":true,"href":"https:\/\/www.chantalemorin.com\/site\/wp-json\/wp\/v2\/users\/1"}],"replies":[{"embeddable":true,"href":"https:\/\/www.chantalemorin.com\/site\/wp-json\/wp\/v2\/comments?post=626"}],"version-history":[{"count":3,"href":"https:\/\/www.chantalemorin.com\/site\/wp-json\/wp\/v2\/pages\/626\/revisions"}],"predecessor-version":[{"id":1123,"href":"https:\/\/www.chantalemorin.com\/site\/wp-json\/wp\/v2\/pages\/626\/revisions\/1123"}],"up":[{"embeddable":true,"href":"https:\/\/www.chantalemorin.com\/site\/wp-json\/wp\/v2\/pages\/10"}],"wp:attachment":[{"href":"https:\/\/www.chantalemorin.com\/site\/wp-json\/wp\/v2\/media?parent=626"}],"curies":[{"name":"wp","href":"https:\/\/api.w.org\/{rel}","templated":true}]}}