{"id":628,"date":"2014-09-05T14:57:47","date_gmt":"2014-09-05T14:57:47","guid":{"rendered":"http:\/\/www.chantalemorin.com\/site\/?page_id=628"},"modified":"2021-02-05T16:35:20","modified_gmt":"2021-02-05T16:35:20","slug":"2013-2","status":"publish","type":"page","link":"https:\/\/www.chantalemorin.com\/site\/concerts\/2013-2\/","title":{"rendered":"2013"},"content":{"rendered":"<p><strong>20 d\u00e9cembre 2013<\/strong>, 18:00 &#8211;<a href=\"www.bilykun.com\" target=\"_blank\">Bily Kun<\/a>, Montr\u00e9al<\/p>\n<p>Duo avec Ben Comeau basse \u00e9lectrique<\/p>\n<p>.<\/p>\n<p><strong>18 d\u00e9cembre 2013<\/strong>, 19:30- <a href=\"http:\/\/houseofjazz.ca\/?lang=fr\" target=\"_blank\">House of jazz<\/a>,\u00a0 Montr\u00e9al<\/p>\n<p>w. Snooky- Drums and voice, Ben Comeau- Bass, Drey-Sax<\/p>\n<p>.<\/p>\n<p><strong>11 d\u00e9cembre 2013<\/strong>, 19:30- <a href=\"http:\/\/houseofjazz.ca\/?lang=fr\" target=\"_blank\">House of jazz<\/a>,\u00a0 Montr\u00e9al<\/p>\n<p>w. Snooky- Drums and voice, Ben Comeau- Bass, Drey-Sax<\/p>\n<p>.<\/p>\n<p><strong>6 d\u00e9cembre 2013<\/strong>, 20:00, Maison de la culture Maisonneuve, Montr\u00e9al<\/p>\n<p>Benoit Paradis Trio<\/p>\n<p>.<\/p>\n<p><strong>5 d\u00e9cembre 2013<\/strong>, 18:00 &#8211;<a href=\"www.bilykun.com\" target=\"_blank\">Bily Kun<\/a>, Montr\u00e9al<\/p>\n<p>Duo avec Benoit Coulombe<\/p>\n<p>.<\/p>\n<p><strong>4 d\u00e9cembre 2013<\/strong>, 19:30- <a href=\"http:\/\/houseofjazz.ca\/?lang=fr\" target=\"_blank\">House of jazz<\/a>,\u00a0 Montr\u00e9al<\/p>\n<p>w. Snooky- Drums and voice, Ben Comeau- Bass, Drey-Sax<\/p>\n<p>.<\/p>\n<p><strong>2 d\u00e9cembre 2013<\/strong>, 17:00, Th\u00e9\u00e2tre de Quat&#8217;Sous, Montr\u00e9al<\/p>\n<p>Lancement de l&#8217;album Fou de vous &#8211; Croc jazz<\/p>\n<p>.<\/p>\n<p><strong>30 novembre 2013<\/strong>, 20:00, L&#8217;ange Vagabond, St-Adolphe d&#8217;Howard<\/p>\n<p>Benoit Paradis Trio<\/p>\n<p>.<\/p>\n<p><strong>29 novembre 2013<\/strong>, 20:00,<a href=\"www.lezaricot.com\/\" target=\"_blank\"> Le Zaricot<\/a>, St-Hyacinthe<\/p>\n<p>Benoit Paradis Trio<\/p>\n<p>.<\/p>\n<p><strong>28 novembre 2013<\/strong>, 18:00 &#8211;<a href=\"www.bilykun.com\" target=\"_blank\">Bily Kun<\/a>, Montr\u00e9al<\/p>\n<p>Duo avec Sage Reynolds<\/p>\n<p>.<\/p>\n<p><strong>27 novembre 2013<\/strong>, 19:30- <a href=\"http:\/\/houseofjazz.ca\/?lang=fr\" target=\"_blank\">House of jazz<\/a>,\u00a0 Montr\u00e9al<\/p>\n<p>w. Snooky- Drums and voice, Ben Comeau- Bass, Drey-Sax<\/p>\n<p>.<\/p>\n<p><strong>22 novembre 2013<\/strong>, 20:00, Th\u00e9\u00e2tre de Quat&#8217;Sous, Montr\u00e9al<\/p>\n<p>Croc jazz<\/p>\n<p>.<\/p>\n<p><strong>21 novembre 2013<\/strong>, 20:00, Maison de la culture Frontenac, Montr\u00e9al<\/p>\n<p>Benoit Paradis Trio<\/p>\n<p>.<\/p>\n<p><strong>20 novembre 2013<\/strong>, 19:30- <a href=\"http:\/\/houseofjazz.ca\/?lang=fr\" target=\"_blank\">House of jazz<\/a>,\u00a0 Montr\u00e9al<\/p>\n<p>w. Snooky- Drums and voice, Ben Comeau- Bass, Drey-Sax<\/p>\n<p>.<\/p>\n<p><strong>18 novembre 2013<\/strong>, 20:00,Gainzbar, Montr\u00e9al<\/p>\n<p>Duo avec S\u00e9bastien Pellerin<\/p>\n<p>.<\/p>\n<p><strong>15 novembre 2013<\/strong>, 18:00 &#8211;<a href=\"www.bilykun.com\" target=\"_blank\">Bily Kun<\/a>, Montr\u00e9al<\/p>\n<p>Duo avec Benoit Coulombe<\/p>\n<p>.<\/p>\n<p><strong>14 novembre 2013<\/strong>, 18:00- <a href=\"http:\/\/http:\/\/www.azimutdiffusion.com\/programmation-automne-2013\/jeudis\/#7\" target=\"_blank\">Marine Cabaret<\/a>, Sorel<\/p>\n<p>Benoit Paradis Trio<\/p>\n<p>.<\/p>\n<p><strong>13 novembre 2013<\/strong>, 19:30- <a href=\"http:\/\/houseofjazz.ca\/?lang=fr\" target=\"_blank\">House of jazz<\/a>,\u00a0 Montr\u00e9al<\/p>\n<p>w. Snooky- Drums and voice, Ben Comeau- Bass, Drey-Sax<\/p>\n<p>.<\/p>\n<p><strong>9 novembre 2013<\/strong>, 19:30, Vitrine de la Franco f\u00eate en Acadie, Centre des Arts de Dieppe, NB<\/p>\n<p>Benoit Paradis Trio<\/p>\n<p>.<\/p>\n<p><strong>8 novembre 2013<\/strong>,<a href=\"http:\/\/www.oreillesenpointe.com\/spip.php?rubrique50\" target=\"_blank\"> Festival Les Oreilles en Pointe<\/a>, Saint-\u00c9tienne, France<\/p>\n<p>Benoit Paradis Trio en premi\u00e8re partie de Robert Charlebois<\/p>\n<p>.<\/p>\n<p><strong>7 novembre 2013<\/strong>, 20:00- <a href=\"http:\/\/www.lestroisbaudets.com\/spectacle\/francois-raoult-3-benoit-paradis-2\/\" target=\"_blank\">Les Trois Beaudets<\/a>, Paris, FRANCE<\/p>\n<p>Benoit Paradis Trio<\/p>\n<p>.<\/p>\n<p><strong>1er novembre 2013<\/strong>, 19:30, Biblioth\u00e8que Saint-l\u00e9onard<\/p>\n<p>Benoit Paradis Trio<\/p>\n<p>.<\/p>\n<p><strong>30 octobre 2013<\/strong>, 19:30- <a href=\"http:\/\/houseofjazz.ca\/?lang=fr\" target=\"_blank\">House of jazz<\/a>,\u00a0 Montr\u00e9al<\/p>\n<p>w. Snooky- Drums and voice, Ben Comeau- Bass, Drey-Sax<\/p>\n<p>.<\/p>\n<p><strong>27 octobre 2013<\/strong>, 19:00- Mainline Theatre,\u00a0 Montr\u00e9al<\/p>\n<p>L&#8217;\u00e9trange No\u00ebl de Monsieur Jack, musique de Danny Elfman<\/p>\n<p>.<\/p>\n<p><strong>26 octobre 2013<\/strong>, 14:00- Mainline Theatre,\u00a0 Montr\u00e9al<\/p>\n<p>Nightmare before Christmas, Music by Danny Elfman<\/p>\n<p>.<\/p>\n<p><strong>25 octobre 2013<\/strong>, 19:00- Mainline Theatre,\u00a0 Montr\u00e9al<\/p>\n<p>Nightmare before Christmas, Music by Danny Elfman<\/p>\n<p>.<\/p>\n<p><strong>23 octobre 2013<\/strong>, 20:00,Th\u00e9\u00e2tre Petit Champlain,<a href=\"http:\/\/jazzaquebec.ca\/spectacles\/programme-double-et-keith-kouna-kintette-benoit-paradis-trio\/\"> Festival de jazz de Qu\u00e9bec<\/a><\/p>\n<p>Benoit Paradis Trio en plateau double avec Keith Kouna Quintet<\/p>\n<p>.<\/p>\n<p><strong>17 octobre 2013<\/strong>, 18:00 &#8211;<a href=\"www.bilykun.com\" target=\"_blank\">Bily Kun<\/a>, Montr\u00e9al<\/p>\n<p>Duo avec Sage Reynolds<\/p>\n<p>.<\/p>\n<p><strong>16 octobre 2013<\/strong>, 19:30- <a href=\"http:\/\/houseofjazz.ca\/?lang=fr\" target=\"_blank\">House of jazz<\/a>,\u00a0 Montr\u00e9al<\/p>\n<p>w. Snooky- Drums and voice, Ben Comeau- Bass, Drey-Sax<\/p>\n<p>.<\/p>\n<p><strong>9 octobre 2013<\/strong>, 19:30- <a href=\"http:\/\/houseofjazz.ca\/?lang=fr\" target=\"_blank\">House of jazz<\/a>,\u00a0 Montr\u00e9al<\/p>\n<p>w. Snooky- Drums and voice, Ben Comeau- Bass, Drey Sax-Sax<\/p>\n<p>.<\/p>\n<p><strong>8 octobre 2013<\/strong>, 18:00 &#8211;<a href=\"www.bilykun.com\" target=\"_blank\">Bily Kun<\/a>, Montr\u00e9al<\/p>\n<p>Duo avec Sage Reynolds<\/p>\n<p>.<\/p>\n<p><strong>4 octobre 2013<\/strong>, 18:00 &#8211;<a href=\"www.bilykun.com\" target=\"_blank\">Bily Kun<\/a>, Montr\u00e9al<\/p>\n<p>Duo avec Benoit Coulombe<\/p>\n<p>.<\/p>\n<p><strong>2 octobre 2013<\/strong>, 19:30- <a href=\"http:\/\/houseofjazz.ca\/?lang=fr\" target=\"_blank\">House of jazz<\/a>,\u00a0 Montr\u00e9al<\/p>\n<p>w. Snooky- Drums and voice, Ben Comeau- Bass, Drey-Sax<\/p>\n<p>.<\/p>\n<p><strong>29 septembre 2013<\/strong>, 13:00, <a href=\"http:\/\/www.lemassif.com\/fr\/planifier\/evenements\/1951\/benoit-paradis-trio-gratuit-atelier-decouvrez-comment-cuisiner-la-viande-caprine\" target=\"_blank\">La Ferme<\/a>, Baie Saint- Paul<\/p>\n<p>Benoit Paradis Trio<\/p>\n<p>.<\/p>\n<p><strong>28 septembre 2013<\/strong>, Sous Bois, Chicoutimi<\/p>\n<p>Benoit Paradis Trio<\/p>\n<p>.<\/p>\n<p><strong>27 septembre 2013<\/strong>, <a href=\"www.vieuxcouventstprime.com\/\u200e\" target=\"_blank\">Vieux Couvent<\/a>, Saint-Prime<\/p>\n<p>Benoit Paradis Trio<\/p>\n<p>.<\/p>\n<p><strong>26 septembre 2013<\/strong>, 18:00 &#8211;<a href=\"www.bilykun.com\" target=\"_blank\">Bily Kun<\/a>, Montr\u00e9al<\/p>\n<p>Duo avec Benoit Coulombe<\/p>\n<p>.<\/p>\n<p><strong>25 septembre 2013<\/strong>, 19:30- <a href=\"http:\/\/houseofjazz.ca\/?lang=fr\" target=\"_blank\">House of jazz<\/a>,\u00a0 Montr\u00e9al<\/p>\n<p>w. Snooky- Drums and voice, Ben Comeau- Bass, Drey-Sax<\/p>\n<p>.<\/p>\n<p><strong>21-22 septembre 2013<\/strong>, Contact ouest, Victoria, BC<\/p>\n<p>Benoit Paradis Trio<\/p>\n<p>.<\/p>\n<p><strong>11 septembre 2013<\/strong>, 19:30- <a href=\"http:\/\/houseofjazz.ca\/?lang=fr\" target=\"_blank\">House of jazz<\/a>,\u00a0 Montr\u00e9al<\/p>\n<p>w. Snooky- Drums and voice, Ben Comeau- Bass, Drey-Sax<\/p>\n<p>.<\/p>\n<p><strong>6 septembre 2013<\/strong>, 18:00 &#8211;<a href=\"www.bilykun.com\" target=\"_blank\">Bily Kun<\/a>, Montr\u00e9al<\/p>\n<p>Duo avec Benoit Coulombe<\/p>\n<p>.<\/p>\n<p><strong>4 septembre 2013<\/strong>, 19:30- <a href=\"http:\/\/houseofjazz.ca\/?lang=fr\" target=\"_blank\">House of jazz<\/a>,\u00a0 Montr\u00e9al<\/p>\n<p>w. Snooky- Drums and voice, Ben Comeau- Bass, Drey-Sax<\/p>\n<p>.<\/p>\n<p><strong>23 ao\u00fbt 2013<\/strong>, 18:00 &#8211;<a href=\"www.bilykun.com\" target=\"_blank\">Bily Kun<\/a>, Montr\u00e9al<\/p>\n<p>Duo avec Benoit Coulombe<\/p>\n<p>.<\/p>\n<p><strong>15 ao\u00fbt 2013<\/strong>, 19:30 -Sucrerie du Cur\u00e9, Saint-Pierre-Baptiste<\/p>\n<p>Duo avec <a href=\"https:\/\/www.facebook.com\/events\/533165813399308\/\" target=\"_blank\">Karine Champagne<\/a><\/p>\n<p>.<\/p>\n<p><strong>10 ao\u00fbt 2013<\/strong>, 19:00- Sc\u00e8ne 1425, Laval<\/p>\n<p>Benoit Paradis Trio<\/p>\n<p>.<\/p>\n<p><strong>9 ao\u00fbt 2013<\/strong>, 18:00 &#8211;<a href=\"www.bilykun.com\" target=\"_blank\">Bily Kun<\/a>, Montr\u00e9al<\/p>\n<p>Duo avec Benoit Couombe<\/p>\n<p>.<\/p>\n<p><strong>8 ao\u00fbt 2013<\/strong>, 19:00- Parvis de l&#8217;\u00c9glise Ste-C\u00e9cile, Montr\u00e9al<\/p>\n<p>Benoit Paradis Trio<\/p>\n<p>.<\/p>\n<p><strong>29 juillet 2013<\/strong>, 19:00- <a href=\"http:\/\/houseofjazz.ca\/?lang=fr\" target=\"_blank\">House of jazz<\/a>,\u00a0 Montr\u00e9al<\/p>\n<p>Deep Blue: John Beaudine- voice and sax, Gary Mackenzie- Bass, Snooky- Drums and voice<\/p>\n<p>.<\/p>\n<p><strong>28\u00a0 juillet 2013<\/strong>, 19:00 &#8211; V\u00e9logare, Victoriaville<\/p>\n<p>Avec<a href=\"https:\/\/www.facebook.com\/events\/533165813399308\/\" target=\"_blank\"> Karine Champagne<\/a><\/p>\n<p>.<\/p>\n<p><strong>25\u00a0 juillet 2013<\/strong>, 18:00 &#8211;<a href=\"www.bilykun.com\" target=\"_blank\">Bily Kun<\/a>, Montr\u00e9al<\/p>\n<p>Duo avec Benoit Coulombe<\/p>\n<p>.<\/p>\n<p><strong>19 juillet 2013<\/strong>, 18:00 &#8211;<a href=\"www.bilykun.com\" target=\"_blank\">Bily Kun<\/a>, Montr\u00e9al<\/p>\n<p>Duo avec Benoit Coulombe<\/p>\n<p>.<\/p>\n<p><strong>17 juillet 2013<\/strong>, 19:00- Parterre des loisirs, 325 Chemin de la Grande C\u00f4te, Rosem\u00e8re<\/p>\n<p>Benoit Paradis Trio<\/p>\n<p>.<\/p>\n<p><strong>11 juillet 2013<\/strong>, 22:00- Cabaret du Mile End, Montr\u00e9al<\/p>\n<p>Benoit Paradis Trio en premi\u00e8re partie de<a href=\"http:\/\/katerine.artiste.universalmusic.fr\/\" target=\"_blank\"> Katerine<\/a><\/p>\n<p>.<\/p>\n<p><strong>8\u00a0 juillet 2013<\/strong>, 17:15- Sc\u00e8ne Pratgrausset, Festival Pause Guitare, Albi, France<\/p>\n<p>Benoit Paradis Trio<\/p>\n<p>.<\/p>\n<p><strong>6 juillet 2013<\/strong>, 14:30- Athanor, Festival Pause Guitare, Albi, France<\/p>\n<p>Benoit Paradis Trio<\/p>\n<p>.<\/p>\n<p><strong>2 juillet 2013<\/strong>, 14:30- La Guingette Tournebelle, \u00c9cluse de Mandirac, Narbonne, France<\/p>\n<p>Benoit Paradis Trio<\/p>\n<p>.<\/p>\n<p><strong>30 juin 2013<\/strong>, 20:00- Le Z\u00e9nith! (Chez Patou et Fran\u00e7ois Daligault), La M\u00e9nitr\u00e9, France<\/p>\n<p>Benoit Paradis Trio<\/p>\n<p>.<\/p>\n<p><strong>26 juin 2013<\/strong>, 18:00 &#8211;<a href=\"www.bilykun.com\" target=\"_blank\">Bily Kun<\/a>, Montr\u00e9al<\/p>\n<p>Duo avec Sage Reynolds<\/p>\n<p>.<\/p>\n<p><strong>22 juin 2013<\/strong>, 17:00- Francofolies, Montr\u00e9al, Sc\u00e8ne Rickard&#8217;s<\/p>\n<p>Benoit Paradis Trio<\/p>\n<p>.<\/p>\n<p><strong>21 juin 2013<\/strong>, 18:00 &#8211; Di\u00e8se Onze, Montr\u00e9al<\/p>\n<p>Trio avec Claude Kauffmann &#8211; Sax et Benoit Coulombe- Contrebasse<\/p>\n<p>.<\/p>\n<p><strong>18 juin 2013<\/strong>, 18:00 &#8211;<a href=\"www.bilykun.com\" target=\"_blank\">Bily Kun<\/a>, Montr\u00e9al<\/p>\n<p>Duo avec Sage Reynolds<\/p>\n<p>.<\/p>\n<p><strong>15 juin 2013<\/strong>, 19h00, Le Roy Pendu<\/p>\n<p>Duo Avec le chanteur\/saxophoniste John Beaudine<\/p>\n<p>.<\/p>\n<p><strong>15 juin 2013<\/strong>, 16h00, Festival Folk de Montr\u00e9al, Lachine<\/p>\n<p>Avec choeur Croc-prod ( Nathaly Pasieczny- Chef de choeur)<\/p>\n<p>.<\/p>\n<p><strong>8 juin 2013<\/strong>, 19h30, Th\u00e9\u00e2tre de Quat&#8217;Sous, Montr\u00e9al<\/p>\n<p>Avec choeur Crocmuzik\u00a0 (Benoit Coulombe- Contrebasse, Claude Kauffmann- Saxophone et Clarinette, Ivan Bramford-Percussions, Nathaly Pasieczny- Chef de choeur)<\/p>\n<p>.<\/p>\n<p><strong>7 juin 2013<\/strong>, 21:00, 125 Marianne, T\u00e9l\u00e9-Qu\u00e9bec, Montr\u00e9al<\/p>\n<p>Benoit Paradis Trio<\/p>\n<p>.<\/p>\n<p><strong>7 juin 2013<\/strong>, 19h30, Th\u00e9\u00e2tre de Quat&#8217;Sous, Montr\u00e9al<\/p>\n<p>Avec choeur Crocmuzik\u00a0 (Benoit Coulombe- Contrebasse, Claude Kauffmann- Saxophone et Clarinette, Ivan Bramford-Percussions, Nathaly Pasieczny- Chef de choeur)<\/p>\n<p>.<\/p>\n<p><strong>6 juin 2013<\/strong>, 22:00- Divan Orange, Montr\u00e9al, Festival FRINGE<\/p>\n<p>Benoit Paradis Trio et Klo Pelgag<\/p>\n<p>.<\/p>\n<p><strong>6 juin 2013<\/strong>, 18:00 &#8211;<a href=\"www.bilykun.com\" target=\"_blank\">Bily Kun<\/a>, Montr\u00e9al<\/p>\n<p>Duo avec Benoit Coulombe<\/p>\n<p>.<\/p>\n<p><strong>2 juin 2013<\/strong>, 19:00, Sala Rossa<\/p>\n<p>\u00c9cole de chant Sonia Loyer<\/p>\n<p>.<\/p>\n<p><strong>24 mai 2013<\/strong>, 18:00 &#8211;<a href=\"www.bilykun.com\" target=\"_blank\">Bily Kun<\/a>, Montr\u00e9al<\/p>\n<p>Duo avec Benoit Coulombe<\/p>\n<p><strong>.<\/strong><\/p>\n<p><strong>16 mai 2013<\/strong>, 18:00 &#8211;<a href=\"www.bilykun.com\" target=\"_blank\">Bily Kun<\/a>, Montr\u00e9al<\/p>\n<p>Duo avec Sage Reynolds<\/p>\n<p>.<\/p>\n<p><strong>10 mai 2013<\/strong>, 20:00 -\u00c9cole Nationale de Th\u00e9\u00e2tre, Montr\u00e9al<\/p>\n<p>Jam-O-Sketch avec <a href=\"http:\/\/www.natashap.com\/fr\/infos\/index.html\" target=\"_blank\">Natasha P<\/a><\/p>\n<p>.<\/p>\n<p><strong>9 mai 2013<\/strong>, 18:00 &#8211;<a href=\"www.bilykun.com\" target=\"_blank\">Bily Kun<\/a>, Montr\u00e9al<\/p>\n<p>Duo avec Sage Reynolds<\/p>\n<p>.<\/p>\n<p><strong>19 avril 2013<\/strong>, 18:00 &#8211;<a href=\"www.bilykun.com\" target=\"_blank\">Bily Kun<\/a>, Montr\u00e9al<\/p>\n<p>Duo avec Benoit Coulombe<\/p>\n<p>.<\/p>\n<p><strong>11 avril 2013<\/strong>, 22:00- Touski, Montr\u00e9al<\/p>\n<p>Benoit Paradis Trio<\/p>\n<p>.<\/p>\n<p><strong>4 avril 2013<\/strong>, 18:00 &#8211;<a href=\"www.bilykun.com\" target=\"_blank\">Bily Kun<\/a>, Montr\u00e9al<\/p>\n<p>Duo avec Benoit Coulombe<\/p>\n<p>.<\/p>\n<p><strong>29 mars 2013<\/strong>, 18:00 &#8211;<a href=\"www.bilykun.com\" target=\"_blank\">Bily Kun<\/a>, Montr\u00e9al<\/p>\n<p>Duo avec Benoit Coulombe<\/p>\n<p>.<\/p>\n<p><strong>14 mars 2013<\/strong>, 22:00- Quai des brumes, Montr\u00e9al<\/p>\n<p>Benoit Paradis Trio en premi\u00e8re partie de\u00a0 Les guerres d&#8217;l&#8217;amour<\/p>\n<p>.<\/p>\n<p><strong>8 mars 2013<\/strong>, 18:00 &#8211;<a href=\"www.bilykun.com\" target=\"_blank\">Bily Kun<\/a>, Montr\u00e9al<\/p>\n<p>Duo avec S\u00e9bastien Pellerin<\/p>\n<p>.<\/p>\n<p>&nbsp;<\/p>\n<p><strong>2 mars 2013<\/strong>, 20:00- <a href=\"http:\/\/www.gatineau.ca\/page.asp?a=culture&amp;c=fr-CA&amp;p=quoi_faire\/spectacles_theatre&amp;eventlocation=Salle+Jean-Despr%E9z\">Salle Jean Despr\u00e9z,<\/a> Gatineau<\/p>\n<p>Benoit Paradis Trio et Lisa Leblanc<\/p>\n<p>.<\/p>\n<p><strong>25 f\u00e9vrier 2013<\/strong>, 20:30 &#8211;<a href=\"http:\/\/http:\/\/legainzbar.ca\/Le_Gainzbar.html\" target=\"_blank\">Gainzbar<\/a>, Montr\u00e9al<\/p>\n<p>Duo avec S\u00e9bastien Pellerin<\/p>\n<p>.<\/p>\n<p><strong>21 f\u00e9vrier 2013<\/strong>, 20:45- Th\u00e9\u00e2tre Petit Champlain, Qu\u00e9bec<\/p>\n<p>RIDEAU avec Benoit Paradis Trio<\/p>\n<p>.<\/p>\n<p><strong>15 f\u00e9vrier 2013<\/strong>, 20:00- \u00c9glise Sacr\u00e9-Coeur, Ste-Th\u00e9r\u00e8se<\/p>\n<p>Premi\u00e8re partie de <a href=\"http:\/\/bernardadamus.bandcamp.com\/\" target=\"_blank\">Bernard Adamus<\/a> avec Benoit Paradis Trio<\/p>\n<p>.<\/p>\n<p><strong>14 f\u00e9vrier 2013<\/strong>, 18:00 &#8211;<a href=\"www.bilykun.com\" target=\"_blank\">Bily Kun<\/a>, Montr\u00e9al<\/p>\n<p>Duo avec Benoit Coulombe<\/p>\n<p>.<\/p>\n<p><strong>11 f\u00e9vrier 2013<\/strong>, 18h30, Th\u00e9\u00e2tre de Quat&#8217;Sous<\/p>\n<p>Avec choeur Crocmuzik\u00a0 (Benoit Coulombe- Contrebasse, Claude Kauffmann- Saxophone et Clarinette, Nathaly Pasieczny- Chef de choeur)<\/p>\n<p>.<\/p>\n<p><strong>10 f\u00e9vrier 2013<\/strong>, 15h00, Th\u00e9\u00e2tre de Quat&#8217;Sous<\/p>\n<p>Avec choeur Crocmuzik\u00a0 (Benoit Coulombe- Contrebasse, Claude Kauffmann- Saxophone et Clarinette, Nathaly Pasieczny- Chef de choeur)<\/p>\n<p>.<\/p>\n<p><strong>7 f\u00e9vrier 2013<\/strong>, 18:00 &#8211;<a href=\"www.bilykun.com\" target=\"_blank\">Bily Kun<\/a>, Montr\u00e9al<\/p>\n<p>Duo avec Benoit Coulombe<\/p>\n<p>.<\/p>\n<p><strong>5 f\u00e9vrier 2013<\/strong>, 20:00 &#8211; <a href=\"http:\/\/www.cabaretliondor.com\/liondor\/fr\/index.asp?page=11&amp;evenement=2231\">Lion d&#8217;Or<\/a>,\u00a0 Montr\u00e9al<\/p>\n<p>Avec Benoit Paradis trio, Petite Vall\u00e9e remonte en ville<\/p>\n<p>.<\/p>\n<p><strong>1er f\u00e9vrier 2013<\/strong>, 18:00 &#8211;<a href=\"www.bilykun.com\" target=\"_blank\">Bily Kun<\/a>, Montr\u00e9al<\/p>\n<p>Duo avec Benoit Coulombe<\/p>\n<p>.<\/p>\n<p><strong>24 janvier 2013<\/strong>, 18:00 &#8211;<a href=\"www.bilykun.com\" target=\"_blank\">Bily Kun<\/a>, Montr\u00e9al<\/p>\n<p>Duo avec Sage Reynolds- Contrebasse<\/p>\n<p>.<\/p>\n<p><strong>11 janvier 2013<\/strong>, 18:00 &#8211;<a href=\"www.bilykun.com\" target=\"_blank\">Bily Kun<\/a>, Montr\u00e9al<\/p>\n<p>Duo avec Sage Reynolds- Contrebasse<\/p>\n<p>&nbsp;<\/p>\n<p>&nbsp;<\/p>\n<p>&nbsp;<\/p>\n<p><a title=\"2020\" href=\"https:\/\/www.chantalemorin.com\/site\/concerts\/2020-2\/\">2020<\/a> | <a title=\"2019\" href=\"https:\/\/www.chantalemorin.com\/site\/concerts\/2019-2\/\">2019<\/a> | <a title=\"2018\" href=\"https:\/\/www.chantalemorin.com\/site\/concerts\/2018-2\/\">2018<\/a> | <a title=\"2017\" href=\"https:\/\/www.chantalemorin.com\/site\/concerts\/2017-2\/\">2017<\/a> | <a title=\"2016\" href=\"https:\/\/www.chantalemorin.com\/site\/concerts\/2016-2\/\">2016<\/a> | <a title=\"2015\" href=\"https:\/\/www.chantalemorin.com\/site\/concerts\/2015-2\/\">2015<\/a> | <a title=\"2014\" href=\"https:\/\/www.chantalemorin.com\/site\/concerts\/2014-2\/\">2014<\/a> | <a title=\"2013\" href=\"https:\/\/www.chantalemorin.com\/site\/concerts\/2013-2\/\">2013<\/a> | <a title=\"2012\" href=\"https:\/\/www.chantalemorin.com\/site\/concerts\/2012-2\/\">2012<\/a> | <a title=\"2011\" href=\"https:\/\/www.chantalemorin.com\/site\/concerts\/2011-2\/\">2011<\/a> | <a title=\"2010\" href=\"https:\/\/www.chantalemorin.com\/site\/concerts\/2010-2\/\">2010<\/a> | <a title=\"2009\" href=\"https:\/\/www.chantalemorin.com\/site\/concerts\/2009-2\/\">2009<\/a> | <a title=\"2008\" href=\"https:\/\/www.chantalemorin.com\/site\/concerts\/2008-2\/\">2008<\/a><\/p>\n","protected":false},"excerpt":{"rendered":"<p>20 d\u00e9cembre 2013, 18:00 &#8211;Bily Kun, Montr\u00e9al Duo avec Ben Comeau basse \u00e9lectrique . 18 d\u00e9cembre 2013, 19:30- House of jazz,\u00a0 Montr\u00e9al w. Snooky- Drums and voice, Ben Comeau- Bass, Drey-Sax . 11 d\u00e9cembre 2013, 19:30- House of jazz,\u00a0 Montr\u00e9al w. Snooky- Drums and voice, Ben Comeau- Bass, Drey-Sax . 6 d\u00e9cembre 2013, 20:00, Maison [&hellip;]<\/p>\n","protected":false},"author":1,"featured_media":0,"parent":10,"menu_order":0,"comment_status":"closed","ping_status":"closed","template":"","meta":{"footnotes":""},"class_list":["post-628","page","type-page","status-publish","hentry"],"_links":{"self":[{"href":"https:\/\/www.chantalemorin.com\/site\/wp-json\/wp\/v2\/pages\/628","targetHints":{"allow":["GET"]}}],"collection":[{"href":"https:\/\/www.chantalemorin.com\/site\/wp-json\/wp\/v2\/pages"}],"about":[{"href":"https:\/\/www.chantalemorin.com\/site\/wp-json\/wp\/v2\/types\/page"}],"author":[{"embeddable":true,"href":"https:\/\/www.chantalemorin.com\/site\/wp-json\/wp\/v2\/users\/1"}],"replies":[{"embeddable":true,"href":"https:\/\/www.chantalemorin.com\/site\/wp-json\/wp\/v2\/comments?post=628"}],"version-history":[{"count":3,"href":"https:\/\/www.chantalemorin.com\/site\/wp-json\/wp\/v2\/pages\/628\/revisions"}],"predecessor-version":[{"id":1124,"href":"https:\/\/www.chantalemorin.com\/site\/wp-json\/wp\/v2\/pages\/628\/revisions\/1124"}],"up":[{"embeddable":true,"href":"https:\/\/www.chantalemorin.com\/site\/wp-json\/wp\/v2\/pages\/10"}],"wp:attachment":[{"href":"https:\/\/www.chantalemorin.com\/site\/wp-json\/wp\/v2\/media?parent=628"}],"curies":[{"name":"wp","href":"https:\/\/api.w.org\/{rel}","templated":true}]}}